{"id":16,"date":"2024-02-13T03:58:44","date_gmt":"2024-02-13T03:58:44","guid":{"rendered":"https:\/\/itetps.edu.sv\/?page_id=16"},"modified":"2025-05-05T14:46:30","modified_gmt":"2025-05-05T14:46:30","slug":"investigacion","status":"publish","type":"page","link":"https:\/\/itetps.edu.sv\/?page_id=16","title":{"rendered":"Investigaci\u00f3n"},"content":{"rendered":"\t\t<div data-elementor-type=\"wp-page\" data-elementor-id=\"16\" class=\"elementor elementor-16\">\n\t\t\t\t\t\t<section class=\"elementor-section elementor-top-section elementor-element elementor-element-7dfa5e96 elementor-section-boxed elementor-section-height-default elementor-section-height-default\" data-id=\"7dfa5e96\" data-element_type=\"section\" data-settings=\"{&quot;background_background&quot;:&quot;classic&quot;}\">\n\t\t\t\t\t\t\t<div class=\"elementor-background-overlay\"><\/div>\n\t\t\t\t\t\t\t<div class=\"elementor-container elementor-column-gap-default\">\n\t\t\t\t\t<div class=\"elementor-column elementor-col-100 elementor-top-column elementor-element elementor-element-5f69d5b8\" data-id=\"5f69d5b8\" data-element_type=\"column\">\n\t\t\t<div class=\"elementor-widget-wrap elementor-element-populated\">\n\t\t\t\t\t\t<section class=\"elementor-section elementor-inner-section elementor-element elementor-element-aec4d93 elementor-section-boxed elementor-section-height-default elementor-section-height-default\" data-id=\"aec4d93\" data-element_type=\"section\">\n\t\t\t\t\t\t<div class=\"elementor-container elementor-column-gap-default\">\n\t\t\t\t\t<div class=\"elementor-column elementor-col-100 elementor-inner-column elementor-element elementor-element-555ae6cd\" data-id=\"555ae6cd\" data-element_type=\"column\">\n\t\t\t<div class=\"elementor-widget-wrap elementor-element-populated\">\n\t\t\t\t\t\t<div class=\"elementor-element elementor-element-3f22cfdc elementor-widget elementor-widget-elementskit-heading\" data-id=\"3f22cfdc\" data-element_type=\"widget\" data-widget_type=\"elementskit-heading.default\">\n\t\t\t\t<div class=\"elementor-widget-container\">\n\t\t\t\t\t<div class=\"ekit-wid-con\" ><div class=\"ekit-heading elementskit-section-title-wraper text_center   ekit_heading_tablet-   ekit_heading_mobile-\"><h2 class=\"ekit-heading--title elementskit-section-title \">ITETPS UNIDAD DE INVESTIGACI\u00d3N<\/h2><\/div><\/div>\t\t\t\t<\/div>\n\t\t\t\t<\/div>\n\t\t\t\t\t<\/div>\n\t\t<\/div>\n\t\t\t\t\t<\/div>\n\t\t<\/section>\n\t\t\t\t\t<\/div>\n\t\t<\/div>\n\t\t\t\t\t<\/div>\n\t\t<\/section>\n\t\t\t\t<section class=\"elementor-section elementor-top-section elementor-element elementor-element-332c8bb elementor-section-boxed elementor-section-height-default elementor-section-height-default\" data-id=\"332c8bb\" data-element_type=\"section\" data-settings=\"{&quot;background_background&quot;:&quot;classic&quot;}\">\n\t\t\t\t\t\t<div class=\"elementor-container elementor-column-gap-default\">\n\t\t\t\t\t<div class=\"elementor-column elementor-col-100 elementor-top-column elementor-element elementor-element-176b4e16\" data-id=\"176b4e16\" data-element_type=\"column\">\n\t\t\t<div class=\"elementor-widget-wrap elementor-element-populated\">\n\t\t\t\t\t\t<div class=\"elementor-element elementor-element-6ff1131 elementor-widget-divider--view-line elementor-widget elementor-widget-divider\" data-id=\"6ff1131\" data-element_type=\"widget\" data-widget_type=\"divider.default\">\n\t\t\t\t<div class=\"elementor-widget-container\">\n\t\t\t\t\t\t\t<div class=\"elementor-divider\">\n\t\t\t<span class=\"elementor-divider-separator\">\n\t\t\t\t\t\t<\/span>\n\t\t<\/div>\n\t\t\t\t\t\t<\/div>\n\t\t\t\t<\/div>\n\t\t\t\t<div class=\"elementor-element elementor-element-c3b789d elementor-widget elementor-widget-heading\" data-id=\"c3b789d\" data-element_type=\"widget\" data-widget_type=\"heading.default\">\n\t\t\t\t<div class=\"elementor-widget-container\">\n\t\t\t\t\t<h2 class=\"elementor-heading-title elementor-size-default\">Relevancia de la Producci\u00f3n Cient\u00edfica del ITETPS.<\/h2>\t\t\t\t<\/div>\n\t\t\t\t<\/div>\n\t\t\t\t<section class=\"elementor-section elementor-inner-section elementor-element elementor-element-20c7422c elementor-section-boxed elementor-section-height-default elementor-section-height-default\" data-id=\"20c7422c\" data-element_type=\"section\" data-settings=\"{&quot;background_background&quot;:&quot;classic&quot;}\">\n\t\t\t\t\t\t<div class=\"elementor-container elementor-column-gap-default\">\n\t\t\t\t\t<div class=\"elementor-column elementor-col-33 elementor-inner-column elementor-element elementor-element-5fd8eba9\" data-id=\"5fd8eba9\" data-element_type=\"column\">\n\t\t\t<div class=\"elementor-widget-wrap elementor-element-populated\">\n\t\t\t\t\t\t<div class=\"elementor-element elementor-element-5919bb97 elementor-widget__width-initial ekit-equal-height-disable elementor-widget elementor-widget-elementskit-icon-box\" data-id=\"5919bb97\" data-element_type=\"widget\" data-widget_type=\"elementskit-icon-box.default\">\n\t\t\t\t<div class=\"elementor-widget-container\">\n\t\t\t\t\t<div class=\"ekit-wid-con\" >        <!-- link opening -->\n                <a href=\"#\" class=\"ekit_global_links\">\n                <!-- end link opening -->\n\n        <div class=\"elementskit-infobox text-center text- icon-top-align elementor-animation-   \">\n                            <div class=\"elementskit-box-header\">\n                <div class=\"elementskit-info-box-icon \">\n                    <img fetchpriority=\"high\" decoding=\"async\" width=\"1280\" height=\"853\" src=\"https:\/\/itetps.edu.sv\/wp-content\/uploads\/2024\/02\/03-2.jpeg\" class=\"attachment- size-\" alt=\"\" srcset=\"https:\/\/itetps.edu.sv\/wp-content\/uploads\/2024\/02\/03-2.jpeg 1280w, https:\/\/itetps.edu.sv\/wp-content\/uploads\/2024\/02\/03-2-300x200.jpeg 300w, https:\/\/itetps.edu.sv\/wp-content\/uploads\/2024\/02\/03-2-1024x682.jpeg 1024w, https:\/\/itetps.edu.sv\/wp-content\/uploads\/2024\/02\/03-2-768x512.jpeg 768w\" sizes=\"(max-width: 1280px) 100vw, 1280px\" \/>                <\/div>\n          <\/div>\n                <div class=\"box-body\">\n                                            <\/div>\n        \n        \n                <\/div>\n                <\/a>\n        <\/div>\t\t\t\t<\/div>\n\t\t\t\t<\/div>\n\t\t\t\t\t<\/div>\n\t\t<\/div>\n\t\t\t\t<div class=\"elementor-column elementor-col-33 elementor-inner-column elementor-element elementor-element-4ad13896\" data-id=\"4ad13896\" data-element_type=\"column\">\n\t\t\t<div class=\"elementor-widget-wrap elementor-element-populated\">\n\t\t\t\t\t\t<div class=\"elementor-element elementor-element-57e196d3 ekit-equal-height-disable elementor-widget elementor-widget-elementskit-icon-box\" data-id=\"57e196d3\" data-element_type=\"widget\" data-widget_type=\"elementskit-icon-box.default\">\n\t\t\t\t<div class=\"elementor-widget-container\">\n\t\t\t\t\t<div class=\"ekit-wid-con\" >        <!-- link opening -->\n                <a href=\"#\" class=\"ekit_global_links\">\n                <!-- end link opening -->\n\n        <div class=\"elementskit-infobox text-center text- icon-top-align elementor-animation-   \">\n                            <div class=\"elementskit-box-header\">\n                <div class=\"elementskit-info-box-icon \">\n                    <img decoding=\"async\" width=\"1280\" height=\"853\" src=\"https:\/\/itetps.edu.sv\/wp-content\/uploads\/2024\/02\/02-2.jpeg\" class=\"attachment- size-\" alt=\"\" srcset=\"https:\/\/itetps.edu.sv\/wp-content\/uploads\/2024\/02\/02-2.jpeg 1280w, https:\/\/itetps.edu.sv\/wp-content\/uploads\/2024\/02\/02-2-300x200.jpeg 300w, https:\/\/itetps.edu.sv\/wp-content\/uploads\/2024\/02\/02-2-1024x682.jpeg 1024w, https:\/\/itetps.edu.sv\/wp-content\/uploads\/2024\/02\/02-2-768x512.jpeg 768w\" sizes=\"(max-width: 1280px) 100vw, 1280px\" \/>                <\/div>\n          <\/div>\n                <div class=\"box-body\">\n                                            <\/div>\n        \n        \n                <\/div>\n                <\/a>\n        <\/div>\t\t\t\t<\/div>\n\t\t\t\t<\/div>\n\t\t\t\t\t<\/div>\n\t\t<\/div>\n\t\t\t\t<div class=\"elementor-column elementor-col-33 elementor-inner-column elementor-element elementor-element-e43202d\" data-id=\"e43202d\" data-element_type=\"column\">\n\t\t\t<div class=\"elementor-widget-wrap elementor-element-populated\">\n\t\t\t\t\t\t<div class=\"elementor-element elementor-element-bf30750 ekit-equal-height-disable elementor-widget elementor-widget-elementskit-icon-box\" data-id=\"bf30750\" data-element_type=\"widget\" data-widget_type=\"elementskit-icon-box.default\">\n\t\t\t\t<div class=\"elementor-widget-container\">\n\t\t\t\t\t<div class=\"ekit-wid-con\" >        <!-- link opening -->\n                <a href=\"#\" class=\"ekit_global_links\">\n                <!-- end link opening -->\n\n        <div class=\"elementskit-infobox text-center text- icon-top-align elementor-animation-   \">\n                            <div class=\"elementskit-box-header\">\n                <div class=\"elementskit-info-box-icon \">\n                    <img decoding=\"async\" width=\"1280\" height=\"853\" src=\"https:\/\/itetps.edu.sv\/wp-content\/uploads\/2024\/02\/01-2.jpeg\" class=\"attachment- size-\" alt=\"\" srcset=\"https:\/\/itetps.edu.sv\/wp-content\/uploads\/2024\/02\/01-2.jpeg 1280w, https:\/\/itetps.edu.sv\/wp-content\/uploads\/2024\/02\/01-2-300x200.jpeg 300w, https:\/\/itetps.edu.sv\/wp-content\/uploads\/2024\/02\/01-2-1024x682.jpeg 1024w, https:\/\/itetps.edu.sv\/wp-content\/uploads\/2024\/02\/01-2-768x512.jpeg 768w\" sizes=\"(max-width: 1280px) 100vw, 1280px\" \/>                <\/div>\n          <\/div>\n                <div class=\"box-body\">\n                                            <\/div>\n        \n        \n                <\/div>\n                <\/a>\n        <\/div>\t\t\t\t<\/div>\n\t\t\t\t<\/div>\n\t\t\t\t\t<\/div>\n\t\t<\/div>\n\t\t\t\t\t<\/div>\n\t\t<\/section>\n\t\t\t\t\t<\/div>\n\t\t<\/div>\n\t\t\t\t\t<\/div>\n\t\t<\/section>\n\t\t<div class=\"elementor-element elementor-element-a20e930 e-flex e-con-boxed e-con e-parent\" data-id=\"a20e930\" data-element_type=\"container\">\n\t\t\t\t\t<div class=\"e-con-inner\">\n\t\t\t\t<div class=\"elementor-element elementor-element-bb5d3d1 elementor-widget elementor-widget-heading\" data-id=\"bb5d3d1\" data-element_type=\"widget\" data-widget_type=\"heading.default\">\n\t\t\t\t<div class=\"elementor-widget-container\">\n\t\t\t\t\t<h2 class=\"elementor-heading-title elementor-size-default\">PRIMER LUGAR en la \"Semana de la Ciencia y Tecnolog\u00eda\" Consejo Nacional de Ciencia y Tecnolog\u00eda (CONACYT)<\/h2>\t\t\t\t<\/div>\n\t\t\t\t<\/div>\n\t\t\t\t<div class=\"elementor-element elementor-element-fa16eb4 elementor-widget elementor-widget-text-editor\" data-id=\"fa16eb4\" data-element_type=\"widget\" data-widget_type=\"text-editor.default\">\n\t\t\t\t<div class=\"elementor-widget-container\">\n\t\t\t\t\t\t\t\t\t<h3><b>Categor\u00eda:<\/b>\u00a0Ciencias M\u00e9dicas y de Salud.<\/h3><h3><b>Investigaci\u00f3n institucional:<\/b><\/h3><p>&#8220;El S\u00edndrome de Burnout en familiares cuidadores de Adultos Mayores con Alzheimer&#8221;<\/p><h3><b>Equipo de investigaci\u00f3n ITETPS:<\/b><\/h3><ul><li>\u2714\u00a0\u00a0 Licda. Mar\u00eda Sof\u00eda Albayero Garc\u00eda<\/li><li>\u2714\u00a0\u00a0 Licda. Marisol Tejada Hern\u00e1ndez<\/li><li>\u2714\u00a0\u00a0 Tnlgo. Alcides Adalberto Ar\u00e9valo Huezo<\/li><li>\u2714\u00a0\u00a0 Tnlgo. Cristian Alexis Chac\u00f3n Ochoa<\/li><\/ul><section id=\"acto\" class=\"section pdb0\"><div class=\"container-fluid\"><div class=\"section-header has-desc mrb10\">\u00a0<\/div><\/div><\/section>\t\t\t\t\t\t\t\t<\/div>\n\t\t\t\t<\/div>\n\t\t\t\t\t<\/div>\n\t\t\t\t<\/div>\n\t\t\t\t<section class=\"elementor-section elementor-top-section elementor-element elementor-element-a578e54 elementor-section-boxed elementor-section-height-default elementor-section-height-default\" data-id=\"a578e54\" data-element_type=\"section\">\n\t\t\t\t\t\t<div class=\"elementor-container elementor-column-gap-default\">\n\t\t\t\t\t<div class=\"elementor-column elementor-col-50 elementor-top-column elementor-element elementor-element-eedf022\" data-id=\"eedf022\" data-element_type=\"column\">\n\t\t\t<div class=\"elementor-widget-wrap elementor-element-populated\">\n\t\t\t\t\t\t<div class=\"elementor-element elementor-element-3cf7dee elementor-widget elementor-widget-image\" data-id=\"3cf7dee\" data-element_type=\"widget\" data-widget_type=\"image.default\">\n\t\t\t\t<div class=\"elementor-widget-container\">\n\t\t\t\t\t\t\t\t\t\t\t\t\t\t\t<img loading=\"lazy\" decoding=\"async\" width=\"768\" height=\"1024\" src=\"https:\/\/itetps.edu.sv\/wp-content\/uploads\/2024\/02\/04-4-768x1024.jpeg\" class=\"attachment-large size-large wp-image-474\" alt=\"\" srcset=\"https:\/\/itetps.edu.sv\/wp-content\/uploads\/2024\/02\/04-4-768x1024.jpeg 768w, https:\/\/itetps.edu.sv\/wp-content\/uploads\/2024\/02\/04-4-225x300.jpeg 225w, https:\/\/itetps.edu.sv\/wp-content\/uploads\/2024\/02\/04-4.jpeg 1080w\" sizes=\"(max-width: 768px) 100vw, 768px\" \/>\t\t\t\t\t\t\t\t\t\t\t\t\t\t\t<\/div>\n\t\t\t\t<\/div>\n\t\t\t\t\t<\/div>\n\t\t<\/div>\n\t\t\t\t<div class=\"elementor-column elementor-col-50 elementor-top-column elementor-element elementor-element-f55e484\" data-id=\"f55e484\" data-element_type=\"column\">\n\t\t\t<div class=\"elementor-widget-wrap elementor-element-populated\">\n\t\t\t\t\t\t<div class=\"elementor-element elementor-element-fba4ad8 elementor-widget elementor-widget-heading\" data-id=\"fba4ad8\" data-element_type=\"widget\" data-widget_type=\"heading.default\">\n\t\t\t\t<div class=\"elementor-widget-container\">\n\t\t\t\t\t<h2 class=\"elementor-heading-title elementor-size-default\">PRIMER LUGAR<\/h2>\t\t\t\t<\/div>\n\t\t\t\t<\/div>\n\t\t\t\t<div class=\"elementor-element elementor-element-f2992d2 elementor-widget elementor-widget-text-editor\" data-id=\"f2992d2\" data-element_type=\"widget\" data-widget_type=\"text-editor.default\">\n\t\t\t\t<div class=\"elementor-widget-container\">\n\t\t\t\t\t\t\t\t\t<p class=\"page-header mrb15 text-center\">El Instituto Tecnol\u00f3gico Escuela T\u00e9cnica para la Salud felicita al Comit\u00e9 de Investigaci\u00f3n ITETPS por obtener el primer lugar en el Premio a las Investigaciones Cient\u00edficas Tecnol\u00f3gicas en Educaci\u00f3n Superior y Centros de Investigaci\u00f3n; modalidad p\u00f3ster en la categor\u00eda de &#8220;Ciencias M\u00e9dicas y de la Salud&#8221; a\u00f1o 2022. Consejo Nacional de Ciencia y Tecnolog\u00eda (CONACYT).<\/p>\t\t\t\t\t\t\t\t<\/div>\n\t\t\t\t<\/div>\n\t\t\t\t\t<\/div>\n\t\t<\/div>\n\t\t\t\t\t<\/div>\n\t\t<\/section>\n\t\t\t\t<section class=\"elementor-section elementor-top-section elementor-element elementor-element-716eea0c elementor-section-boxed elementor-section-height-default elementor-section-height-default\" data-id=\"716eea0c\" data-element_type=\"section\">\n\t\t\t\t\t\t<div class=\"elementor-container elementor-column-gap-default\">\n\t\t\t\t\t<div class=\"elementor-column elementor-col-100 elementor-top-column elementor-element elementor-element-38ee84c8\" data-id=\"38ee84c8\" data-element_type=\"column\">\n\t\t\t<div class=\"elementor-widget-wrap elementor-element-populated\">\n\t\t\t\t\t\t<div class=\"elementor-element elementor-element-22c5595e elementor-widget elementor-widget-spacer\" data-id=\"22c5595e\" data-element_type=\"widget\" data-widget_type=\"spacer.default\">\n\t\t\t\t<div class=\"elementor-widget-container\">\n\t\t\t\t\t\t\t<div class=\"elementor-spacer\">\n\t\t\t<div class=\"elementor-spacer-inner\"><\/div>\n\t\t<\/div>\n\t\t\t\t\t\t<\/div>\n\t\t\t\t<\/div>\n\t\t\t\t<section class=\"elementor-section elementor-inner-section elementor-element elementor-element-3d88fada elementor-section-boxed elementor-section-height-default elementor-section-height-default\" data-id=\"3d88fada\" data-element_type=\"section\">\n\t\t\t\t\t\t<div class=\"elementor-container elementor-column-gap-default\">\n\t\t\t\t\t<div class=\"elementor-column elementor-col-100 elementor-inner-column elementor-element elementor-element-aead32d\" data-id=\"aead32d\" data-element_type=\"column\">\n\t\t\t<div class=\"elementor-widget-wrap elementor-element-populated\">\n\t\t\t\t\t\t<div class=\"elementor-element elementor-element-46b98ce2 elementor-widget elementor-widget-elementskit-heading\" data-id=\"46b98ce2\" data-element_type=\"widget\" data-widget_type=\"elementskit-heading.default\">\n\t\t\t\t<div class=\"elementor-widget-container\">\n\t\t\t\t\t<div class=\"ekit-wid-con\" ><div class=\"ekit-heading elementskit-section-title-wraper text_center   ekit_heading_tablet-   ekit_heading_mobile-\"><h2 class=\"ekit-heading--title elementskit-section-title \">Conoce al equipo<\/h2><h3 class=\"ekit-heading--subtitle elementskit-section-subtitle  \">\n\t\t\t\t\t\tQuienes somos\n\t\t\t\t\t<\/h3><\/div><\/div>\t\t\t\t<\/div>\n\t\t\t\t<\/div>\n\t\t\t\t\t<\/div>\n\t\t<\/div>\n\t\t\t\t\t<\/div>\n\t\t<\/section>\n\t\t\t\t\t<\/div>\n\t\t<\/div>\n\t\t\t\t\t<\/div>\n\t\t<\/section>\n\t\t\t\t<section class=\"elementor-section elementor-top-section elementor-element elementor-element-56e601fd elementor-section-boxed elementor-section-height-default elementor-section-height-default\" data-id=\"56e601fd\" data-element_type=\"section\">\n\t\t\t\t\t\t<div class=\"elementor-container elementor-column-gap-default\">\n\t\t\t\t\t<div class=\"elementor-column elementor-col-100 elementor-top-column elementor-element elementor-element-557a4967\" data-id=\"557a4967\" data-element_type=\"column\">\n\t\t\t<div class=\"elementor-widget-wrap elementor-element-populated\">\n\t\t\t\t\t\t<section class=\"elementor-section elementor-inner-section elementor-element elementor-element-779c2624 elementor-section-boxed elementor-section-height-default elementor-section-height-default\" data-id=\"779c2624\" data-element_type=\"section\">\n\t\t\t\t\t\t<div class=\"elementor-container elementor-column-gap-default\">\n\t\t\t\t\t<div class=\"elementor-column elementor-col-25 elementor-inner-column elementor-element elementor-element-76d9b154\" data-id=\"76d9b154\" data-element_type=\"column\">\n\t\t\t<div class=\"elementor-widget-wrap elementor-element-populated\">\n\t\t\t\t\t\t<div class=\"elementor-element elementor-element-5329701b elementor-widget elementor-widget-elementskit-team\" data-id=\"5329701b\" data-element_type=\"widget\" data-widget_type=\"elementskit-team.default\">\n\t\t\t\t<div class=\"elementor-widget-container\">\n\t\t\t\t\t<div class=\"ekit-wid-con\">\n\t\t\t\t\t\t\t\t\t\t\t <div class=\"small-gutters image-card-v3\"> \t\t\t\t\t\t\t\t\t\t\t\t\t<div class=\"profile-image-card elementor-animation- ekit-team-img ekit-team-style-long_height_hover text-center\">\n\n\t\t\t\t\t\t\t\t\t\t\t\t\t<img loading=\"lazy\" decoding=\"async\" width=\"515\" height=\"743\" src=\"https:\/\/itetps.edu.sv\/wp-content\/uploads\/2025\/05\/MARIA-SOFIA-ALBAYERO-modified.jpg\" class=\"attachment-full size-full wp-image-1591\" alt=\"\" srcset=\"https:\/\/itetps.edu.sv\/wp-content\/uploads\/2025\/05\/MARIA-SOFIA-ALBAYERO-modified.jpg 515w, https:\/\/itetps.edu.sv\/wp-content\/uploads\/2025\/05\/MARIA-SOFIA-ALBAYERO-modified-208x300.jpg 208w\" sizes=\"(max-width: 515px) 100vw, 515px\" \/>\t\t\t\t\t\t\t\t\t\t\t\t<div class=\"hover-area\">\n\t\t\t\t\t\t\t<div class=\"profile-body\">\n\t\t\t\t\t\t\t\t<h2 class=\"profile-title\">\n\t\t\t\t\t\t\t\t\t\t\t\t\t\t\t\t\tLicda. Mar\u00eda Sofia Albayero Garc\u00eda\t\t\t\t\t\t\t\t\t\t\t\t\t\t\t\t<\/h2>\n\t\t\t\t\t\t\t\t<p class=\"profile-designation\">Coordinadora.<\/p>\n\t\t\t\t\t\t\t\t\t\t\t\t\t\t\t<\/div>\n\t\t\t\t\t\t\t\t\t\t\t\t\t<\/div>\n\t\t\t\t\t<\/div>\n\t\t\t\t\t <\/div> \n\t\t\t\t\n\t\t\t\t<\/div>\t\t\t\t<\/div>\n\t\t\t\t<\/div>\n\t\t\t\t\t<\/div>\n\t\t<\/div>\n\t\t\t\t<div class=\"elementor-column elementor-col-25 elementor-inner-column elementor-element elementor-element-75bff331\" data-id=\"75bff331\" data-element_type=\"column\">\n\t\t\t<div class=\"elementor-widget-wrap elementor-element-populated\">\n\t\t\t\t\t\t<div class=\"elementor-element elementor-element-6f2439d elementor-widget elementor-widget-elementskit-team\" data-id=\"6f2439d\" data-element_type=\"widget\" data-widget_type=\"elementskit-team.default\">\n\t\t\t\t<div class=\"elementor-widget-container\">\n\t\t\t\t\t<div class=\"ekit-wid-con\">\n\t\t\t\t\t\t\t\t\t\t\t <div class=\"small-gutters image-card-v3\"> \t\t\t\t\t\t\t\t\t\t\t\t\t<div class=\"profile-image-card elementor-animation- ekit-team-img ekit-team-style-long_height_hover text-center\">\n\n\t\t\t\t\t\t\t\t\t\t\t\t\t<img loading=\"lazy\" decoding=\"async\" width=\"292\" height=\"426\" src=\"https:\/\/itetps.edu.sv\/wp-content\/uploads\/2025\/05\/MARISOL-TEJADA-HERNANDEZ-modified.png\" class=\"attachment-full size-full wp-image-1592\" alt=\"\" srcset=\"https:\/\/itetps.edu.sv\/wp-content\/uploads\/2025\/05\/MARISOL-TEJADA-HERNANDEZ-modified.png 292w, https:\/\/itetps.edu.sv\/wp-content\/uploads\/2025\/05\/MARISOL-TEJADA-HERNANDEZ-modified-206x300.png 206w\" sizes=\"(max-width: 292px) 100vw, 292px\" \/>\t\t\t\t\t\t\t\t\t\t\t\t<div class=\"hover-area\">\n\t\t\t\t\t\t\t<div class=\"profile-body\">\n\t\t\t\t\t\t\t\t<h2 class=\"profile-title\">\n\t\t\t\t\t\t\t\t\t\t\t\t\t\t\t\t\tLicda. Marisol Tejada Hern\u00e1ndez\t\t\t\t\t\t\t\t\t\t\t\t\t\t\t\t<\/h2>\n\t\t\t\t\t\t\t\t<p class=\"profile-designation\">Investigadora.<\/p>\n\t\t\t\t\t\t\t\t\t\t\t\t\t\t\t<\/div>\n\t\t\t\t\t\t\t\t\t\t\t\t\t<\/div>\n\t\t\t\t\t<\/div>\n\t\t\t\t\t <\/div> \n\t\t\t\t\n\t\t\t\t<\/div>\t\t\t\t<\/div>\n\t\t\t\t<\/div>\n\t\t\t\t\t<\/div>\n\t\t<\/div>\n\t\t\t\t<div class=\"elementor-column elementor-col-25 elementor-inner-column elementor-element elementor-element-6a47f865\" data-id=\"6a47f865\" data-element_type=\"column\">\n\t\t\t<div class=\"elementor-widget-wrap elementor-element-populated\">\n\t\t\t\t\t\t<div class=\"elementor-element elementor-element-160aee60 elementor-widget elementor-widget-elementskit-team\" data-id=\"160aee60\" data-element_type=\"widget\" data-widget_type=\"elementskit-team.default\">\n\t\t\t\t<div class=\"elementor-widget-container\">\n\t\t\t\t\t<div class=\"ekit-wid-con\">\n\t\t\t\t\t\t\t\t\t\t\t <div class=\"small-gutters image-card-v3\"> \t\t\t\t\t\t\t\t\t\t\t\t\t<div class=\"profile-image-card elementor-animation- ekit-team-img ekit-team-style-long_height_hover text-center\">\n\n\t\t\t\t\t\t\t\t\t\t\t\t\t<img loading=\"lazy\" decoding=\"async\" width=\"257\" height=\"323\" src=\"https:\/\/itetps.edu.sv\/wp-content\/uploads\/2025\/05\/DORIS-ALICIA-SANCHEZ-DE-ELIAS-modified.png\" class=\"attachment-full size-full wp-image-1593\" alt=\"\" srcset=\"https:\/\/itetps.edu.sv\/wp-content\/uploads\/2025\/05\/DORIS-ALICIA-SANCHEZ-DE-ELIAS-modified.png 257w, https:\/\/itetps.edu.sv\/wp-content\/uploads\/2025\/05\/DORIS-ALICIA-SANCHEZ-DE-ELIAS-modified-239x300.png 239w\" sizes=\"(max-width: 257px) 100vw, 257px\" \/>\t\t\t\t\t\t\t\t\t\t\t\t<div class=\"hover-area\">\n\t\t\t\t\t\t\t<div class=\"profile-body\">\n\t\t\t\t\t\t\t\t<h2 class=\"profile-title\">\n\t\t\t\t\t\t\t\t\t\t\t\t\t\t\t\t\tLicda. Doris Alicia Sanchez de El\u00edas\t\t\t\t\t\t\t\t\t\t\t\t\t\t\t\t<\/h2>\n\t\t\t\t\t\t\t\t<p class=\"profile-designation\">Investigadora.<\/p>\n\t\t\t\t\t\t\t\t\t\t\t\t\t\t\t<\/div>\n\t\t\t\t\t\t\t\t\t\t\t\t\t<\/div>\n\t\t\t\t\t<\/div>\n\t\t\t\t\t <\/div> \n\t\t\t\t\n\t\t\t\t<\/div>\t\t\t\t<\/div>\n\t\t\t\t<\/div>\n\t\t\t\t\t<\/div>\n\t\t<\/div>\n\t\t\t\t<div class=\"elementor-column elementor-col-25 elementor-inner-column elementor-element elementor-element-536eaaf\" data-id=\"536eaaf\" data-element_type=\"column\">\n\t\t\t<div class=\"elementor-widget-wrap elementor-element-populated\">\n\t\t\t\t\t\t<div class=\"elementor-element elementor-element-91e4229 elementor-widget elementor-widget-elementskit-team\" data-id=\"91e4229\" data-element_type=\"widget\" data-widget_type=\"elementskit-team.default\">\n\t\t\t\t<div class=\"elementor-widget-container\">\n\t\t\t\t\t<div class=\"ekit-wid-con\">\n\t\t\t\t\t\t\t\t\t\t\t <div class=\"small-gutters image-card-v3\"> \t\t\t\t\t\t\t\t\t\t\t\t\t<div class=\"profile-image-card elementor-animation- ekit-team-img ekit-team-style-long_height_hover text-center\">\n\n\t\t\t\t\t\t\t\t\t\t\t\t\t<img loading=\"lazy\" decoding=\"async\" width=\"732\" height=\"1064\" src=\"https:\/\/itetps.edu.sv\/wp-content\/uploads\/2025\/05\/Cristian-Alexis-Chacon-modified.jpg\" class=\"attachment-full size-full wp-image-1594\" alt=\"\" srcset=\"https:\/\/itetps.edu.sv\/wp-content\/uploads\/2025\/05\/Cristian-Alexis-Chacon-modified.jpg 732w, https:\/\/itetps.edu.sv\/wp-content\/uploads\/2025\/05\/Cristian-Alexis-Chacon-modified-206x300.jpg 206w, https:\/\/itetps.edu.sv\/wp-content\/uploads\/2025\/05\/Cristian-Alexis-Chacon-modified-704x1024.jpg 704w\" sizes=\"(max-width: 732px) 100vw, 732px\" \/>\t\t\t\t\t\t\t\t\t\t\t\t<div class=\"hover-area\">\n\t\t\t\t\t\t\t<div class=\"profile-body\">\n\t\t\t\t\t\t\t\t<h2 class=\"profile-title\">\n\t\t\t\t\t\t\t\t\t\t\t\t\t\t\t\t\tLicdo. Cristian Alexis Chacon\t\t\t\t\t\t\t\t\t\t\t\t\t\t\t\t<\/h2>\n\t\t\t\t\t\t\t\t<p class=\"profile-designation\">Investigador.<\/p>\n\t\t\t\t\t\t\t\t\t\t\t\t\t\t\t<\/div>\n\t\t\t\t\t\t\t\t\t\t\t\t\t<\/div>\n\t\t\t\t\t<\/div>\n\t\t\t\t\t <\/div> \n\t\t\t\t\n\t\t\t\t<\/div>\t\t\t\t<\/div>\n\t\t\t\t<\/div>\n\t\t\t\t\t<\/div>\n\t\t<\/div>\n\t\t\t\t\t<\/div>\n\t\t<\/section>\n\t\t\t\t\t<\/div>\n\t\t<\/div>\n\t\t\t\t\t<\/div>\n\t\t<\/section>\n\t\t\t\t<section class=\"elementor-section elementor-top-section elementor-element elementor-element-17aba5f1 elementor-section-boxed elementor-section-height-default elementor-section-height-default\" data-id=\"17aba5f1\" data-element_type=\"section\" data-settings=\"{&quot;background_background&quot;:&quot;classic&quot;}\">\n\t\t\t\t\t\t<div class=\"elementor-container elementor-column-gap-default\">\n\t\t\t\t\t<div class=\"elementor-column elementor-col-100 elementor-top-column elementor-element elementor-element-3d0a3abd\" data-id=\"3d0a3abd\" data-element_type=\"column\">\n\t\t\t<div class=\"elementor-widget-wrap\">\n\t\t\t\t\t\t\t<\/div>\n\t\t<\/div>\n\t\t\t\t\t<\/div>\n\t\t<\/section>\n\t\t\t\t<section class=\"elementor-section elementor-top-section elementor-element elementor-element-13679473 elementor-section-boxed elementor-section-height-default elementor-section-height-default\" data-id=\"13679473\" data-element_type=\"section\">\n\t\t\t\t\t\t<div class=\"elementor-container elementor-column-gap-default\">\n\t\t\t\t\t<div class=\"elementor-column elementor-col-50 elementor-top-column elementor-element elementor-element-30746abf\" data-id=\"30746abf\" data-element_type=\"column\">\n\t\t\t<div class=\"elementor-widget-wrap elementor-element-populated\">\n\t\t\t\t\t\t<div class=\"elementor-element elementor-element-f237ef3 elementor-widget elementor-widget-image\" data-id=\"f237ef3\" data-element_type=\"widget\" data-widget_type=\"image.default\">\n\t\t\t\t<div class=\"elementor-widget-container\">\n\t\t\t\t\t\t\t\t\t\t\t\t\t\t\t<img loading=\"lazy\" decoding=\"async\" width=\"1024\" height=\"793\" src=\"https:\/\/itetps.edu.sv\/wp-content\/uploads\/2024\/02\/08-1024x793.jpg\" class=\"attachment-large size-large wp-image-478\" alt=\"\" srcset=\"https:\/\/itetps.edu.sv\/wp-content\/uploads\/2024\/02\/08-1024x793.jpg 1024w, https:\/\/itetps.edu.sv\/wp-content\/uploads\/2024\/02\/08-300x232.jpg 300w, https:\/\/itetps.edu.sv\/wp-content\/uploads\/2024\/02\/08-768x595.jpg 768w, https:\/\/itetps.edu.sv\/wp-content\/uploads\/2024\/02\/08-1536x1189.jpg 1536w, https:\/\/itetps.edu.sv\/wp-content\/uploads\/2024\/02\/08.jpg 1576w\" sizes=\"(max-width: 1024px) 100vw, 1024px\" \/>\t\t\t\t\t\t\t\t\t\t\t\t\t\t\t<\/div>\n\t\t\t\t<\/div>\n\t\t\t\t\t<\/div>\n\t\t<\/div>\n\t\t\t\t<div class=\"elementor-column elementor-col-50 elementor-top-column elementor-element elementor-element-68f297fd\" data-id=\"68f297fd\" data-element_type=\"column\">\n\t\t\t<div class=\"elementor-widget-wrap elementor-element-populated\">\n\t\t\t\t\t\t<div class=\"elementor-element elementor-element-d6e5b80 elementor-widget__width-initial elementor-widget elementor-widget-elementskit-heading\" data-id=\"d6e5b80\" data-element_type=\"widget\" data-widget_type=\"elementskit-heading.default\">\n\t\t\t\t<div class=\"elementor-widget-container\">\n\t\t\t\t\t<div class=\"ekit-wid-con\" ><div class=\"ekit-heading elementskit-section-title-wraper text_left   ekit_heading_tablet-   ekit_heading_mobile-text_left\"><h2 class=\"ekit-heading--title elementskit-section-title \">Funciones<\/h2>\t\t\t\t<div class='ekit-heading__description'>\n\t\t\t\t\t<ul>\n<li>Promover y producir Investigaciones Institucionales, divulgar y difundir los resultados y nuevos conocimientos generados para ponerlos a la disposici\u00f3n de la comunidad educativa y de la sociedad en general.<\/li>\n<li>\u00a0Promover la integraci\u00f3n de investigaciones con la Docencia y la Proyecci\u00f3n Social de la Instituci\u00f3n Educativa.<\/li>\n<\/ul>\n\t\t\t\t<\/div>\n\t\t\t<\/div><\/div>\t\t\t\t<\/div>\n\t\t\t\t<\/div>\n\t\t\t\t\t<\/div>\n\t\t<\/div>\n\t\t\t\t\t<\/div>\n\t\t<\/section>\n\t\t<div class=\"elementor-element elementor-element-31989c1 e-flex e-con-boxed e-con e-parent\" data-id=\"31989c1\" data-element_type=\"container\">\n\t\t\t\t\t<div class=\"e-con-inner\">\n\t\t\t\t<div class=\"elementor-element elementor-element-bf7ff09 elementor-widget__width-initial elementor-widget elementor-widget-heading\" data-id=\"bf7ff09\" data-element_type=\"widget\" data-widget_type=\"heading.default\">\n\t\t\t\t<div class=\"elementor-widget-container\">\n\t\t\t\t\t<h1 class=\"elementor-heading-title elementor-size-default\">INVESTIGACIONES REALIZADAS<\/h1>\t\t\t\t<\/div>\n\t\t\t\t<\/div>\n\t\t\t\t\t<\/div>\n\t\t\t\t<\/div>\n\t\t<div class=\"elementor-element elementor-element-b8a8a0d e-flex e-con-boxed e-con e-parent\" data-id=\"b8a8a0d\" data-element_type=\"container\">\n\t\t\t\t\t<div class=\"e-con-inner\">\n\t\t\t\t<div class=\"elementor-element elementor-element-1634582 elementor-widget__width-initial elementor-widget elementor-widget-heading\" data-id=\"1634582\" data-element_type=\"widget\" data-widget_type=\"heading.default\">\n\t\t\t\t<div class=\"elementor-widget-container\">\n\t\t\t\t\t<h2 class=\"elementor-heading-title elementor-size-default\">Se cuenta con investigaciones desde el 2008<\/h2>\t\t\t\t<\/div>\n\t\t\t\t<\/div>\n\t\t\t\t\t<\/div>\n\t\t\t\t<\/div>\n\t\t<div class=\"elementor-element elementor-element-a019ab4 e-flex e-con-boxed e-con e-parent\" data-id=\"a019ab4\" data-element_type=\"container\">\n\t\t\t\t\t<div class=\"e-con-inner\">\n\t\t\t\t<div class=\"elementor-element elementor-element-4deea34 elementor-widget elementor-widget-text-editor\" data-id=\"4deea34\" data-element_type=\"widget\" data-widget_type=\"text-editor.default\">\n\t\t\t\t<div class=\"elementor-widget-container\">\n\t\t\t\t\t\t\t\t\t<p style=\"text-align: center;\">El Instituto Tecnol\u00f3gico Escuela T\u00e9cnica para la Salud felicita al Comit\u00e9 de Investigaci\u00f3n ITETPS por obtener el primer lugar en el Premio a las Investigaciones Cient\u00edficas Tecnol\u00f3gicas en Educaci\u00f3n Superior y Centros de Investigaci\u00f3n; modalidad p\u00f3ster en la categor\u00eda de &#8220;Ciencias M\u00e9dicas y de la Salud&#8221; a\u00f1o 2022. Consejo Nacional de Ciencia y Tecnolog\u00eda (CONACYT).<\/p>\t\t\t\t\t\t\t\t<\/div>\n\t\t\t\t<\/div>\n\t\t\t\t\t<\/div>\n\t\t\t\t<\/div>\n\t\t<div class=\"elementor-element elementor-element-6aa9de1 e-flex e-con-boxed e-con e-parent\" data-id=\"6aa9de1\" data-element_type=\"container\">\n\t\t\t\t\t<div class=\"e-con-inner\">\n\t\t<div class=\"elementor-element elementor-element-115446e e-con-full e-flex e-con e-child\" data-id=\"115446e\" data-element_type=\"container\">\n\t\t\t\t<div class=\"elementor-element elementor-element-cda0148 elementor-position-top elementor-widget elementor-widget-image-box\" data-id=\"cda0148\" data-element_type=\"widget\" data-widget_type=\"image-box.default\">\n\t\t\t\t<div class=\"elementor-widget-container\">\n\t\t\t\t\t<div class=\"elementor-image-box-wrapper\"><figure class=\"elementor-image-box-img\"><a href=\"https:\/\/itetps.edu.sv\/?page_id=1526\" tabindex=\"-1\"><img loading=\"lazy\" decoding=\"async\" width=\"2000\" height=\"2000\" src=\"https:\/\/itetps.edu.sv\/wp-content\/uploads\/2025\/05\/IMAGEN9.png\" class=\"attachment-full size-full wp-image-1521\" alt=\"\" srcset=\"https:\/\/itetps.edu.sv\/wp-content\/uploads\/2025\/05\/IMAGEN9.png 2000w, https:\/\/itetps.edu.sv\/wp-content\/uploads\/2025\/05\/IMAGEN9-300x300.png 300w, https:\/\/itetps.edu.sv\/wp-content\/uploads\/2025\/05\/IMAGEN9-1024x1024.png 1024w, https:\/\/itetps.edu.sv\/wp-content\/uploads\/2025\/05\/IMAGEN9-150x150.png 150w, https:\/\/itetps.edu.sv\/wp-content\/uploads\/2025\/05\/IMAGEN9-768x768.png 768w, https:\/\/itetps.edu.sv\/wp-content\/uploads\/2025\/05\/IMAGEN9-1536x1536.png 1536w\" sizes=\"(max-width: 2000px) 100vw, 2000px\" \/><\/a><\/figure><div class=\"elementor-image-box-content\"><h3 class=\"elementor-image-box-title\"><a href=\"https:\/\/itetps.edu.sv\/?page_id=1526\">(2024) INCIDENCIA DE LA DISRUPCI\u00d3N TECNOL\u00d3GICA EN LA SALUD MENTAL DE ESTUDIANTES EN ENFERMER\u00cdA DE INSTITUCIONES DE EDUCACI\u00d3N SUPERIOR DEL \u00c1REA METROPOLITANA DE SAN SALVADOR<\/a><\/h3><p class=\"elementor-image-box-description\">La investigaci\u00f3n plantea la problem\u00e1tica de c\u00f3mo la transici\u00f3n a la educaci\u00f3n virtual ha generado desaf\u00edos significativos, tanto ...<\/p><\/div><\/div>\t\t\t\t<\/div>\n\t\t\t\t<\/div>\n\t\t\t\t<\/div>\n\t\t<div class=\"elementor-element elementor-element-9fa773c e-con-full e-flex e-con e-child\" data-id=\"9fa773c\" data-element_type=\"container\">\n\t\t\t\t<div class=\"elementor-element elementor-element-e5cce36 elementor-position-top elementor-widget elementor-widget-image-box\" data-id=\"e5cce36\" data-element_type=\"widget\" data-widget_type=\"image-box.default\">\n\t\t\t\t<div class=\"elementor-widget-container\">\n\t\t\t\t\t<div class=\"elementor-image-box-wrapper\"><figure class=\"elementor-image-box-img\"><a href=\"https:\/\/itetps.edu.sv\/?page_id=1531\" tabindex=\"-1\"><img loading=\"lazy\" decoding=\"async\" width=\"640\" height=\"480\" src=\"https:\/\/itetps.edu.sv\/wp-content\/uploads\/2025\/05\/IMAGEN8.jpg\" class=\"attachment-full size-full wp-image-1522\" alt=\"\" srcset=\"https:\/\/itetps.edu.sv\/wp-content\/uploads\/2025\/05\/IMAGEN8.jpg 640w, https:\/\/itetps.edu.sv\/wp-content\/uploads\/2025\/05\/IMAGEN8-300x225.jpg 300w\" sizes=\"(max-width: 640px) 100vw, 640px\" \/><\/a><\/figure><div class=\"elementor-image-box-content\"><h3 class=\"elementor-image-box-title\"><a href=\"https:\/\/itetps.edu.sv\/?page_id=1531\">(2024) ESTUDIO DE IMPACTO DEL PROGRAMA DE ENSE\u00d1ANZA DE LA LENGUA DE SE\u00d1AS SALVADORE\u00d1A- LESSA, 2024.<\/a><\/h3><p class=\"elementor-image-box-description\">El Programa de Ense\u00f1anza de la Lengua de Se\u00f1as Salvadore\u00f1a (LESSA) se ha implementado con el objetivo de mejorar la comunicaci\u00f3n y la inclusi\u00f3n de personas sordas en la sociedad salvadore\u00f1a. Este informe detalla los objetivos...<\/p><\/div><\/div>\t\t\t\t<\/div>\n\t\t\t\t<\/div>\n\t\t\t\t<\/div>\n\t\t\t\t\t<\/div>\n\t\t\t\t<\/div>\n\t\t<div class=\"elementor-element elementor-element-2502627 e-flex e-con-boxed e-con e-parent\" data-id=\"2502627\" data-element_type=\"container\">\n\t\t\t\t\t<div class=\"e-con-inner\">\n\t\t<div class=\"elementor-element elementor-element-1a0fe99 e-con-full e-flex e-con e-child\" data-id=\"1a0fe99\" data-element_type=\"container\">\n\t\t\t\t<div class=\"elementor-element elementor-element-f7f19f1 elementor-position-top elementor-widget elementor-widget-image-box\" data-id=\"f7f19f1\" data-element_type=\"widget\" data-widget_type=\"image-box.default\">\n\t\t\t\t<div class=\"elementor-widget-container\">\n\t\t\t\t\t<div class=\"elementor-image-box-wrapper\"><figure class=\"elementor-image-box-img\"><a href=\"https:\/\/itetps.edu.sv\/?page_id=1560\" tabindex=\"-1\"><img loading=\"lazy\" decoding=\"async\" width=\"1978\" height=\"2560\" src=\"https:\/\/itetps.edu.sv\/wp-content\/uploads\/2025\/05\/IMAGEN7-scaled.png\" class=\"attachment-full size-full wp-image-1566\" alt=\"\" srcset=\"https:\/\/itetps.edu.sv\/wp-content\/uploads\/2025\/05\/IMAGEN7-scaled.png 1978w, https:\/\/itetps.edu.sv\/wp-content\/uploads\/2025\/05\/IMAGEN7-232x300.png 232w, https:\/\/itetps.edu.sv\/wp-content\/uploads\/2025\/05\/IMAGEN7-791x1024.png 791w, https:\/\/itetps.edu.sv\/wp-content\/uploads\/2025\/05\/IMAGEN7-768x994.png 768w, https:\/\/itetps.edu.sv\/wp-content\/uploads\/2025\/05\/IMAGEN7-1187x1536.png 1187w, https:\/\/itetps.edu.sv\/wp-content\/uploads\/2025\/05\/IMAGEN7-1583x2048.png 1583w\" sizes=\"(max-width: 1978px) 100vw, 1978px\" \/><\/a><\/figure><div class=\"elementor-image-box-content\"><h3 class=\"elementor-image-box-title\"><a href=\"https:\/\/itetps.edu.sv\/?page_id=1560\">(2023) DIAG\u00d3STICO SOBRE DEMANDA Y NECESIDADES DE FORMACION DE LA CARRERA DE LICENCIATURA EN ENFERMER\u00cdA<\/a><\/h3><p class=\"elementor-image-box-description\">El estudio busca identificar la relaci\u00f3n entre la formaci\u00f3n y la demanda laboral en el sector salud para profesionales de enfermer\u00eda. Se considera ...<\/p><\/div><\/div>\t\t\t\t<\/div>\n\t\t\t\t<\/div>\n\t\t\t\t<\/div>\n\t\t<div class=\"elementor-element elementor-element-e6a425b e-con-full e-flex e-con e-child\" data-id=\"e6a425b\" data-element_type=\"container\">\n\t\t\t\t<div class=\"elementor-element elementor-element-f2a13b4 elementor-position-top elementor-widget elementor-widget-image-box\" data-id=\"f2a13b4\" data-element_type=\"widget\" data-widget_type=\"image-box.default\">\n\t\t\t\t<div class=\"elementor-widget-container\">\n\t\t\t\t\t<div class=\"elementor-image-box-wrapper\"><figure class=\"elementor-image-box-img\"><a href=\"https:\/\/itetps.edu.sv\/?page_id=1583\" tabindex=\"-1\"><img loading=\"lazy\" decoding=\"async\" width=\"645\" height=\"399\" src=\"https:\/\/itetps.edu.sv\/wp-content\/uploads\/2025\/05\/IMAGEN5.jpg\" class=\"attachment-full size-full wp-image-1575\" alt=\"\" srcset=\"https:\/\/itetps.edu.sv\/wp-content\/uploads\/2025\/05\/IMAGEN5.jpg 645w, https:\/\/itetps.edu.sv\/wp-content\/uploads\/2025\/05\/IMAGEN5-300x186.jpg 300w\" sizes=\"(max-width: 645px) 100vw, 645px\" \/><\/a><\/figure><div class=\"elementor-image-box-content\"><h3 class=\"elementor-image-box-title\"><a href=\"https:\/\/itetps.edu.sv\/?page_id=1583\">(2021) ESTUDIO SOBRE OFERTA E INSERCI\u00d3N LABORAL DE GRADUADOS DE LA CARRERA DE T\u00c9CNICO EN ENFERMER\u00cdA ITETPS<\/a><\/h3><p class=\"elementor-image-box-description\">Estudio sobre oferta e inserci\u00f3n laboral de graduados de la carrera de T\u00e9cnico en Enfermer\u00eda ITETPS. El estudio se centr\u00f3 en la oferta e inserci\u00f3n laboral del talento humano en la carrera de T\u00e9cnico en Enfermer\u00eda del Instituto Tecnol\u00f3gico Escuela T\u00e9cnica Para La Salud. El estudio tuvo como objetivo ...<\/p><\/div><\/div>\t\t\t\t<\/div>\n\t\t\t\t<\/div>\n\t\t\t\t<\/div>\n\t\t\t\t\t<\/div>\n\t\t\t\t<\/div>\n\t\t\t\t<section class=\"elementor-section elementor-top-section elementor-element elementor-element-5a719956 elementor-section-boxed elementor-section-height-default elementor-section-height-default\" data-id=\"5a719956\" data-element_type=\"section\">\n\t\t\t\t\t\t<div class=\"elementor-container elementor-column-gap-default\">\n\t\t\t\t\t<div class=\"elementor-column elementor-col-100 elementor-top-column elementor-element elementor-element-2df08f90\" data-id=\"2df08f90\" data-element_type=\"column\">\n\t\t\t<div class=\"elementor-widget-wrap elementor-element-populated\">\n\t\t\t\t\t\t<section class=\"elementor-section elementor-inner-section elementor-element elementor-element-629f75e4 elementor-section-boxed elementor-section-height-default elementor-section-height-default\" data-id=\"629f75e4\" data-element_type=\"section\">\n\t\t\t\t\t\t<div class=\"elementor-container elementor-column-gap-default\">\n\t\t\t\t\t<div class=\"elementor-column elementor-col-100 elementor-inner-column elementor-element elementor-element-e2901de\" data-id=\"e2901de\" data-element_type=\"column\">\n\t\t\t<div class=\"elementor-widget-wrap\">\n\t\t\t\t\t\t\t<\/div>\n\t\t<\/div>\n\t\t\t\t\t<\/div>\n\t\t<\/section>\n\t\t\t\t<section class=\"elementor-section elementor-inner-section elementor-element elementor-element-2c54779 elementor-section-full_width elementor-section-height-default elementor-section-height-default\" data-id=\"2c54779\" data-element_type=\"section\">\n\t\t\t\t\t\t<div class=\"elementor-container elementor-column-gap-no\">\n\t\t\t\t\t<div class=\"elementor-column elementor-col-50 elementor-inner-column elementor-element elementor-element-ef6cac8\" data-id=\"ef6cac8\" data-element_type=\"column\">\n\t\t\t<div class=\"elementor-widget-wrap elementor-element-populated\">\n\t\t\t\t\t\t<div class=\"elementor-element elementor-element-060aa79 elementor-widget elementor-widget-heading\" data-id=\"060aa79\" data-element_type=\"widget\" data-widget_type=\"heading.default\">\n\t\t\t\t<div class=\"elementor-widget-container\">\n\t\t\t\t\t<h3 class=\"elementor-heading-title elementor-size-default\">INVESTIGACI\u00d3N 2023<\/h3>\t\t\t\t<\/div>\n\t\t\t\t<\/div>\n\t\t<div class=\"elementor-element elementor-element-857aa34 e-flex e-con-boxed e-con e-parent\" data-id=\"857aa34\" data-element_type=\"container\" data-settings=\"{&quot;background_background&quot;:&quot;slideshow&quot;,&quot;background_slideshow_gallery&quot;:[{&quot;id&quot;:561,&quot;url&quot;:&quot;http:\\\/\\\/itetps.edu.sv\\\/wp-content\\\/uploads\\\/2024\\\/02\\\/01-6.jpeg&quot;},{&quot;id&quot;:562,&quot;url&quot;:&quot;http:\\\/\\\/itetps.edu.sv\\\/wp-content\\\/uploads\\\/2024\\\/02\\\/02-6.jpeg&quot;},{&quot;id&quot;:563,&quot;url&quot;:&quot;http:\\\/\\\/itetps.edu.sv\\\/wp-content\\\/uploads\\\/2024\\\/02\\\/03-6.jpeg&quot;},{&quot;id&quot;:564,&quot;url&quot;:&quot;http:\\\/\\\/itetps.edu.sv\\\/wp-content\\\/uploads\\\/2024\\\/02\\\/04-5.jpeg&quot;},{&quot;id&quot;:565,&quot;url&quot;:&quot;http:\\\/\\\/itetps.edu.sv\\\/wp-content\\\/uploads\\\/2024\\\/02\\\/05-4.jpeg&quot;},{&quot;id&quot;:566,&quot;url&quot;:&quot;http:\\\/\\\/itetps.edu.sv\\\/wp-content\\\/uploads\\\/2024\\\/02\\\/06-3.jpeg&quot;},{&quot;id&quot;:567,&quot;url&quot;:&quot;http:\\\/\\\/itetps.edu.sv\\\/wp-content\\\/uploads\\\/2024\\\/02\\\/07-3.jpeg&quot;},{&quot;id&quot;:568,&quot;url&quot;:&quot;http:\\\/\\\/itetps.edu.sv\\\/wp-content\\\/uploads\\\/2024\\\/02\\\/08-2.jpeg&quot;},{&quot;id&quot;:569,&quot;url&quot;:&quot;http:\\\/\\\/itetps.edu.sv\\\/wp-content\\\/uploads\\\/2024\\\/02\\\/09-2.jpeg&quot;},{&quot;id&quot;:570,&quot;url&quot;:&quot;http:\\\/\\\/itetps.edu.sv\\\/wp-content\\\/uploads\\\/2024\\\/02\\\/10-2.jpeg&quot;},{&quot;id&quot;:571,&quot;url&quot;:&quot;http:\\\/\\\/itetps.edu.sv\\\/wp-content\\\/uploads\\\/2024\\\/02\\\/11-1.jpeg&quot;}],&quot;background_slideshow_loop&quot;:&quot;yes&quot;,&quot;background_slideshow_slide_duration&quot;:5000,&quot;background_slideshow_slide_transition&quot;:&quot;fade&quot;,&quot;background_slideshow_transition_duration&quot;:500}\">\n\t\t\t\t\t<div class=\"e-con-inner\">\n\t\t\t\t\t<\/div>\n\t\t\t\t<\/div>\n\t\t\t\t\t<\/div>\n\t\t<\/div>\n\t\t\t\t<div class=\"elementor-column elementor-col-50 elementor-inner-column elementor-element elementor-element-6d8ac3d\" data-id=\"6d8ac3d\" data-element_type=\"column\">\n\t\t\t<div class=\"elementor-widget-wrap elementor-element-populated\">\n\t\t\t\t\t\t<div class=\"elementor-element elementor-element-27b737c elementor-widget elementor-widget-heading\" data-id=\"27b737c\" data-element_type=\"widget\" data-widget_type=\"heading.default\">\n\t\t\t\t<div class=\"elementor-widget-container\">\n\t\t\t\t\t<h2 class=\"elementor-heading-title elementor-size-default\"><a href=\"https:\/\/itetps.edu.sv\/?page_id=1545\">\"EL AUTOCUIDADO Y SU INFLUENCIA EN LA EFECTIVIDAD DE LA IMPLEMENTACI\u00d3N DE MEDIDAS DE BIOSEGURIDAD POR EL PERSONAL DE ENFERMER\u00cdA DEL PRIMER NIVEL DE ATENCI\u00d3N DE LA REGI\u00d3N DE SALUD METROPOLITANA ANTE LA COVID-19, DURANTE 2020\".<\/a><\/h2>\t\t\t\t<\/div>\n\t\t\t\t<\/div>\n\t\t\t\t<div class=\"elementor-element elementor-element-50a76e7 elementor-widget elementor-widget-text-editor\" data-id=\"50a76e7\" data-element_type=\"widget\" data-widget_type=\"text-editor.default\">\n\t\t\t\t<div class=\"elementor-widget-container\">\n\t\t\t\t\t\t\t\t\t<p><b><span style=\"vertical-align: inherit;\"><span style=\"vertical-align: inherit;\">Participantes:<\/span><\/span><\/b><span style=\"vertical-align: inherit;\"><span style=\"vertical-align: inherit;\"> \u00a0Licda. <\/span><span style=\"vertical-align: inherit;\">Mar\u00eda Sof\u00eda Albayero y Licda. <\/span><span style=\"vertical-align: inherit;\">Marisol Tejada Hernandez<\/span><\/span><\/p><p><b><span style=\"vertical-align: inherit;\"><span style=\"vertical-align: inherit;\">Resumen:<\/span><\/span><\/b><span style=\"vertical-align: inherit;\"><span style=\"vertical-align: inherit;\"> \u00a0El proyecto de investigaci\u00f3n busca la relaci\u00f3n entre el autocuidado y la implementaci\u00f3n de medidas de bioseguridad con la efectividad del personal de enfermer\u00eda del primer nivel de atenci\u00f3n de la Regi\u00f3n de Salud Metropolitana ante la COVID-19, durante 2020, a trav\u00e9s de instrumentos que permita medir dicha relaci\u00f3n, para que a partir de los resultados obtenidos se articulen programas puntuales estrat\u00e9gicos que puedan dar respuesta a la problem\u00e1tica encontrada, en beneficio de los profesionales de enfermer\u00eda de la Regi\u00f3n de Salud Metropolitana.<\/span><\/span><\/p>\t\t\t\t\t\t\t\t<\/div>\n\t\t\t\t<\/div>\n\t\t\t\t\t<\/div>\n\t\t<\/div>\n\t\t\t\t\t<\/div>\n\t\t<\/section>\n\t\t\t\t<div class=\"elementor-element elementor-element-45609b6 elementor-widget-divider--view-line elementor-widget elementor-widget-divider\" data-id=\"45609b6\" data-element_type=\"widget\" data-widget_type=\"divider.default\">\n\t\t\t\t<div class=\"elementor-widget-container\">\n\t\t\t\t\t\t\t<div class=\"elementor-divider\">\n\t\t\t<span class=\"elementor-divider-separator\">\n\t\t\t\t\t\t<\/span>\n\t\t<\/div>\n\t\t\t\t\t\t<\/div>\n\t\t\t\t<\/div>\n\t\t\t\t<section class=\"elementor-section elementor-inner-section elementor-element elementor-element-449fd91 elementor-section-full_width elementor-section-height-default elementor-section-height-default\" data-id=\"449fd91\" data-element_type=\"section\">\n\t\t\t\t\t\t<div class=\"elementor-container elementor-column-gap-no\">\n\t\t\t\t\t<div class=\"elementor-column elementor-col-50 elementor-inner-column elementor-element elementor-element-877a04b\" data-id=\"877a04b\" data-element_type=\"column\">\n\t\t\t<div class=\"elementor-widget-wrap elementor-element-populated\">\n\t\t\t\t\t\t<div class=\"elementor-element elementor-element-9dfbf89 elementor-widget elementor-widget-heading\" data-id=\"9dfbf89\" data-element_type=\"widget\" data-widget_type=\"heading.default\">\n\t\t\t\t<div class=\"elementor-widget-container\">\n\t\t\t\t\t<h3 class=\"elementor-heading-title elementor-size-default\">INVESTIGACION A\u00d1O 2020 - 2022<\/h3>\t\t\t\t<\/div>\n\t\t\t\t<\/div>\n\t\t\t\t<div class=\"elementor-element elementor-element-69e5f55 elementor-widget elementor-widget-heading\" data-id=\"69e5f55\" data-element_type=\"widget\" data-widget_type=\"heading.default\">\n\t\t\t\t<div class=\"elementor-widget-container\">\n\t\t\t\t\t<h2 class=\"elementor-heading-title elementor-size-default\">\u201cEL S\u00cdNDROME DE BURNOUT EN CUIDADORES DE ADULTOS MAYORES CON ALZHEIMER, DEL POLICL\u00cdNICO ARCE ISSS\u201d.<\/h2>\t\t\t\t<\/div>\n\t\t\t\t<\/div>\n\t\t<div class=\"elementor-element elementor-element-892a4f9 e-flex e-con-boxed e-con e-parent\" data-id=\"892a4f9\" data-element_type=\"container\" data-settings=\"{&quot;background_background&quot;:&quot;slideshow&quot;,&quot;background_slideshow_gallery&quot;:[{&quot;id&quot;:378,&quot;url&quot;:&quot;http:\\\/\\\/itetps.edu.sv\\\/wp-content\\\/uploads\\\/2024\\\/02\\\/B5.jpg&quot;}],&quot;background_slideshow_loop&quot;:&quot;yes&quot;,&quot;background_slideshow_slide_duration&quot;:5000,&quot;background_slideshow_slide_transition&quot;:&quot;fade&quot;,&quot;background_slideshow_transition_duration&quot;:500}\">\n\t\t\t\t\t<div class=\"e-con-inner\">\n\t\t\t\t\t<\/div>\n\t\t\t\t<\/div>\n\t\t\t\t<div class=\"elementor-element elementor-element-0560d63 elementor-widget elementor-widget-text-editor\" data-id=\"0560d63\" data-element_type=\"widget\" data-widget_type=\"text-editor.default\">\n\t\t\t\t<div class=\"elementor-widget-container\">\n\t\t\t\t\t\t\t\t\t<p><b><span style=\"vertical-align: inherit;\"><span style=\"vertical-align: inherit;\">INVESTIGADORES:<\/span><\/span><\/b><\/p><ul><li><span style=\"vertical-align: inherit;\"><span style=\"vertical-align: inherit;\">\u2714Licda. <\/span><span style=\"vertical-align: inherit;\">Mar\u00eda Sof\u00eda Albayero Garc\u00eda<\/span><\/span><\/li><li><span style=\"vertical-align: inherit;\"><span style=\"vertical-align: inherit;\">\u2714Licda. <\/span><span style=\"vertical-align: inherit;\">Marisol Tejada Hernandez<\/span><\/span><\/li><li><span style=\"vertical-align: inherit;\"><span style=\"vertical-align: inherit;\">\u2714Tnlgo. <\/span><span style=\"vertical-align: inherit;\">Alcides Adalberto Ar\u00e9valo Huezo<\/span><\/span><\/li><li><span style=\"vertical-align: inherit;\"><span style=\"vertical-align: inherit;\">\u2714Tnlgo. <\/span><span style=\"vertical-align: inherit;\">Cristian Alexis Chac\u00f3n Ochoa<\/span><\/span><\/li><\/ul><p><b><span style=\"vertical-align: inherit;\"><span style=\"vertical-align: inherit;\">Resumen: <\/span><\/span><\/b><span style=\"vertical-align: inherit;\"><span style=\"vertical-align: inherit;\">Existen dos categor\u00edas de cuidadores de adultos mayores que padecen la enfermedad de Alzheimer, los cuidadores profesionales de enfermer\u00eda, denominados formales y los no formales que se les denomina a familiares u otras personas que se encargan de acompa\u00f1ar al adulto mayor en su proceso de enfermedad. <\/span><span style=\"vertical-align: inherit;\">Para este estudio se defini\u00f3 el desempe\u00f1o del rol de cuidador como la realizaci\u00f3n de las tareas con eficacia de los cuidadores los adultos mayores con Alzheimer, mientras que para la influencia del S\u00edndrome de Burnout como respuesta inadecuada a un estr\u00e9s cr\u00f3nico que sufren dichos cuidadores.<\/span><\/span><\/p><p>\u00a0<\/p>\t\t\t\t\t\t\t\t<\/div>\n\t\t\t\t<\/div>\n\t\t\t\t\t<\/div>\n\t\t<\/div>\n\t\t\t\t<div class=\"elementor-column elementor-col-50 elementor-inner-column elementor-element elementor-element-6875756\" data-id=\"6875756\" data-element_type=\"column\">\n\t\t\t<div class=\"elementor-widget-wrap elementor-element-populated\">\n\t\t\t\t\t\t<div class=\"elementor-element elementor-element-9250ca8 elementor-widget elementor-widget-text-editor\" data-id=\"9250ca8\" data-element_type=\"widget\" data-widget_type=\"text-editor.default\">\n\t\t\t\t<div class=\"elementor-widget-container\">\n\t\t\t\t\t\t\t\t\t<p>El objetivo principal del estudio fue determinar la influencia del S\u00edndrome de Burnout en el desempe\u00f1o del rol de cuidador en cuidadores de adultos mayores con Alzheimer de la Asociaci\u00f3n de Familiares Alzheimer de El Salvador y del Hospital Policl\u00ednico Arce del Instituto Salvadore\u00f1o del Seguro Social, durante 2020, la investigaci\u00f3n fue de car\u00e1cter Mixto (se integraron los enfoques cuantitativos con mayor \u00e9nfasis y cualitativo con menor \u00e9nfasis), transversal con un alcance correlacional y anal\u00edtico. La poblaci\u00f3n estuvo compuesta por cuidadores de adultos mayores, que sus familiares pertenecen a la Asociaci\u00f3n de Familiares Alzheimer de El Salvador y que son atendidos por Hospital Policl\u00ednico Arce del Instituto Salvadore\u00f1o del Seguro Social en consulta externa, que hasta la fecha en que se dise\u00f1\u00f3 el protocolo de investigaci\u00f3n estaban registrados 758 usuarios; por lo tanto, el tama\u00f1o de la muestra del estudio fue de 255 cuidadores formales e informales, que se calcul\u00f3 con la f\u00f3rmula para poblaciones finitas, con una confianza del 95% y con un error alfa de 0.05, sin embargo por la situaci\u00f3n de pandemia durante el a\u00f1o 2020 y hasta la fecha, no se logr\u00f3 captar el 100% de la muestra.<\/p><p>El instrumento de recolecci\u00f3n de datos utilizado fue denominado: \u201cCuestionario sobre el S\u00edndrome de Burnout y su influencia en el desempe\u00f1o de cuidadores de adultos mayores con Alzheimer de la Asociaci\u00f3n de Familiares Alzheimer de El Salvador y del Hospital Policl\u00ednico Arce del Instituto Salvadore\u00f1o del Seguro Social, durante 2020\u201c, que consta de 68 \u00edtems redactados como afirmaciones en cuyas respuestas se hace uso de una escala Tipo Likert, cuya puntuaci\u00f3n va del 1 al 3 y con 12 preguntas en donde sus respectivas respuestas son abiertas. Los datos obtenidos en las medidas de tendencia central son: para la mediana el valor de 30 a partir de edad con respecto al g\u00e9nero y la media aritm\u00e9tica de 58 a\u00f1os de edad. Para determinar la influencia del S\u00edndrome de Burnout en el desempe\u00f1o de cuidadores de adultos mayores con Alzheimer de la Asociaci\u00f3n de Familiares Alzheimer de El Salvador y del Hospital Policl\u00ednico Arce del Instituto Salvadore\u00f1o del Seguro Social, durante el a\u00f1o 2020, se obtuvo un coeficiente de correlaci\u00f3n Q de Kendall de 0.97 indicando una alta asociaci\u00f3n entre las variables y para la prueba de significaci\u00f3n chi cuadrada se obtuvo una Chi cuadrado calculada de 34.74 en proporci\u00f3n para una Chi cuadro te\u00f3rico de 5.9915 con un margen de error del 5% y un grado de libertad de 2 la hip\u00f3tesis de trabajo.<\/p><p>Los resultados est\u00e1n plasmados en el apartado del mismo nombre y su an\u00e1lisis de los resultados m\u00e1s relevantes se encuentran plasmados en el apartado de la discusi\u00f3n. De acuerdo a los resultados obtenidos se concluye que el S\u00edndrome de Burnout influye en el desempe\u00f1o del rol de cuidador en cuidadores de adultos mayores con Alzheimer del Hospital Policl\u00ednico Arce del Instituto Salvadore\u00f1o del Seguro Social y a partir de ello se recomienda desarrollar un programa integral de intervenci\u00f3n social para la atenci\u00f3n de cuidadores de adultos mayores con Alzheimer, para que dicha poblaci\u00f3n pueda realizar acciones de autocuidado de la salud f\u00edsica y mental plasmadas respectivamente en el apartado de conclusiones y recomendaciones.<\/p>\t\t\t\t\t\t\t\t<\/div>\n\t\t\t\t<\/div>\n\t\t\t\t\t<\/div>\n\t\t<\/div>\n\t\t\t\t\t<\/div>\n\t\t<\/section>\n\t\t\t\t<div class=\"elementor-element elementor-element-67b43c3 elementor-widget-divider--view-line elementor-widget elementor-widget-divider\" data-id=\"67b43c3\" data-element_type=\"widget\" data-widget_type=\"divider.default\">\n\t\t\t\t<div class=\"elementor-widget-container\">\n\t\t\t\t\t\t\t<div class=\"elementor-divider\">\n\t\t\t<span class=\"elementor-divider-separator\">\n\t\t\t\t\t\t<\/span>\n\t\t<\/div>\n\t\t\t\t\t\t<\/div>\n\t\t\t\t<\/div>\n\t\t\t\t<section class=\"elementor-section elementor-inner-section elementor-element elementor-element-eb793c3 elementor-section-full_width elementor-section-height-default elementor-section-height-default\" data-id=\"eb793c3\" data-element_type=\"section\">\n\t\t\t\t\t\t<div class=\"elementor-container elementor-column-gap-no\">\n\t\t\t\t\t<div class=\"elementor-column elementor-col-33 elementor-inner-column elementor-element elementor-element-ad351cc\" data-id=\"ad351cc\" data-element_type=\"column\">\n\t\t\t<div class=\"elementor-widget-wrap elementor-element-populated\">\n\t\t\t\t\t\t<div class=\"elementor-element elementor-element-db1ae67 elementor-widget elementor-widget-heading\" data-id=\"db1ae67\" data-element_type=\"widget\" data-widget_type=\"heading.default\">\n\t\t\t\t<div class=\"elementor-widget-container\">\n\t\t\t\t\t<h2 class=\"elementor-heading-title elementor-size-default\">INVESTIGACION A\u00d1O 2019<\/h2>\t\t\t\t<\/div>\n\t\t\t\t<\/div>\n\t\t<div class=\"elementor-element elementor-element-526ead3 e-flex e-con-boxed elementor-invisible e-con e-parent\" data-id=\"526ead3\" data-element_type=\"container\" data-settings=\"{&quot;background_background&quot;:&quot;slideshow&quot;,&quot;background_slideshow_gallery&quot;:[{&quot;id&quot;:380,&quot;url&quot;:&quot;http:\\\/\\\/itetps.edu.sv\\\/wp-content\\\/uploads\\\/2024\\\/02\\\/B7.jpg&quot;}],&quot;animation&quot;:&quot;fadeIn&quot;,&quot;background_slideshow_loop&quot;:&quot;yes&quot;,&quot;background_slideshow_slide_duration&quot;:5000,&quot;background_slideshow_slide_transition&quot;:&quot;fade&quot;,&quot;background_slideshow_transition_duration&quot;:500}\">\n\t\t\t\t\t<div class=\"e-con-inner\">\n\t\t\t\t\t<\/div>\n\t\t\t\t<\/div>\n\t\t\t\t<div class=\"elementor-element elementor-element-d9dc074 elementor-widget elementor-widget-heading\" data-id=\"d9dc074\" data-element_type=\"widget\" data-widget_type=\"heading.default\">\n\t\t\t\t<div class=\"elementor-widget-container\">\n\t\t\t\t\t<h2 class=\"elementor-heading-title elementor-size-default\">\"EL SERVICIO SOCIAL AD HONOREM DE ESTUDIANTES DE ENFERMER\u00cdA Y SU CONTRIBUCI\u00d3N AL DESARROLLO SOSTENIBLE DE LA REGI\u00d3N DE SALUD METROPOLITANA, EN EL PERIODO DE ENERO A JUNIO DE 2019\"<\/h2>\t\t\t\t<\/div>\n\t\t\t\t<\/div>\n\t\t\t\t<div class=\"elementor-element elementor-element-110e7a4 elementor-widget elementor-widget-text-editor\" data-id=\"110e7a4\" data-element_type=\"widget\" data-widget_type=\"text-editor.default\">\n\t\t\t\t<div class=\"elementor-widget-container\">\n\t\t\t\t\t\t\t\t\t<p><b><span style=\"vertical-align: inherit;\"><span style=\"vertical-align: inherit;\">Participantes:<\/span><\/span><\/b><span style=\"vertical-align: inherit;\"><span style=\"vertical-align: inherit;\"> \u00a0Licda. <\/span><span style=\"vertical-align: inherit;\">Marisol Tejada Hern\u00e1ndez, Licda. <\/span><span style=\"vertical-align: inherit;\">Mar\u00eda Sof\u00eda Albayero, Dra. <\/span><span style=\"vertical-align: inherit;\">Carolina Casta\u00f1eda Pe\u00f1a, Licda. <\/span><span style=\"vertical-align: inherit;\">Juana de Jes\u00fas Cerritos.<\/span><\/span><\/p><p><b><span style=\"vertical-align: inherit;\"><span style=\"vertical-align: inherit;\">Resumen:<\/span><\/span><\/b><span style=\"vertical-align: inherit;\"><span style=\"vertical-align: inherit;\"> \u00a0Las autoridades de las diferentes Instituciones de Educaci\u00f3n Superior Salvadore\u00f1a est\u00e1n comprometidas a mejorar y perfeccionar el perfil de los profesionales que se est\u00e1n formando, pues estos, tienen como reto insertarse en el cambiante mundo laboral.<\/span><\/span><\/p><p><span style=\"vertical-align: inherit;\"><span style=\"vertical-align: inherit;\">Con el servicio social se pretende que los egresados \u200b\u200bdemuestren sus competencias profesionales y desarrollen una conciencia social s\u00f3lida que les permita interactuar con la realidad nacional en salud; <\/span><span style=\"vertical-align: inherit;\">Adem\u00e1s, desarrollar un compromiso social con la sociedad salvadore\u00f1a.<\/span><\/span><\/p>\t\t\t\t\t\t\t\t<\/div>\n\t\t\t\t<\/div>\n\t\t\t\t\t<\/div>\n\t\t<\/div>\n\t\t\t\t<div class=\"elementor-column elementor-col-33 elementor-inner-column elementor-element elementor-element-56eedb2\" data-id=\"56eedb2\" data-element_type=\"column\">\n\t\t\t<div class=\"elementor-widget-wrap elementor-element-populated\">\n\t\t\t\t\t\t<div class=\"elementor-element elementor-element-2420838 elementor-widget elementor-widget-heading\" data-id=\"2420838\" data-element_type=\"widget\" data-widget_type=\"heading.default\">\n\t\t\t\t<div class=\"elementor-widget-container\">\n\t\t\t\t\t<h2 class=\"elementor-heading-title elementor-size-default\">INVESTIGACION A\u00d1O 2018<\/h2>\t\t\t\t<\/div>\n\t\t\t\t<\/div>\n\t\t<div class=\"elementor-element elementor-element-51056e4 e-flex e-con-boxed e-con e-parent\" data-id=\"51056e4\" data-element_type=\"container\" data-settings=\"{&quot;background_background&quot;:&quot;slideshow&quot;,&quot;background_slideshow_gallery&quot;:[{&quot;id&quot;:422,&quot;url&quot;:&quot;http:\\\/\\\/itetps.edu.sv\\\/wp-content\\\/uploads\\\/2024\\\/02\\\/img337.jpg&quot;},{&quot;id&quot;:421,&quot;url&quot;:&quot;http:\\\/\\\/itetps.edu.sv\\\/wp-content\\\/uploads\\\/2024\\\/02\\\/img335.jpg&quot;},{&quot;id&quot;:420,&quot;url&quot;:&quot;http:\\\/\\\/itetps.edu.sv\\\/wp-content\\\/uploads\\\/2024\\\/02\\\/img334.jpg&quot;}],&quot;background_slideshow_ken_burns&quot;:&quot;yes&quot;,&quot;background_slideshow_ken_burns_zoom_direction&quot;:&quot;out&quot;,&quot;background_slideshow_loop&quot;:&quot;yes&quot;,&quot;background_slideshow_slide_duration&quot;:5000,&quot;background_slideshow_slide_transition&quot;:&quot;fade&quot;,&quot;background_slideshow_transition_duration&quot;:500}\">\n\t\t\t\t\t<div class=\"e-con-inner\">\n\t\t\t\t\t<\/div>\n\t\t\t\t<\/div>\n\t\t\t\t<div class=\"elementor-element elementor-element-244110a elementor-widget elementor-widget-heading\" data-id=\"244110a\" data-element_type=\"widget\" data-widget_type=\"heading.default\">\n\t\t\t\t<div class=\"elementor-widget-container\">\n\t\t\t\t\t<h2 class=\"elementor-heading-title elementor-size-default\">\u201cFACTORES CULTURALES Y SU RELACI\u00d3N CON LA PREVALENCIA DE SOBRE PESO Y OBESIDAD EN ESTUDIANTES DE ENTRE SIETE Y DIEZ A\u00d1OS DEL CENTRO ESCOLAR GENERAL RAMON BELLOSO Y COMPLEJO CATOLICO SAN FRANCISCO, SAN SALVADOR\u201d<\/h2>\t\t\t\t<\/div>\n\t\t\t\t<\/div>\n\t\t\t\t<div class=\"elementor-element elementor-element-a3f43da elementor-widget elementor-widget-text-editor\" data-id=\"a3f43da\" data-element_type=\"widget\" data-widget_type=\"text-editor.default\">\n\t\t\t\t<div class=\"elementor-widget-container\">\n\t\t\t\t\t\t\t\t\t<p><b><span style=\"vertical-align: inherit;\"><span style=\"vertical-align: inherit;\">Participantes:<\/span><\/span><\/b><span style=\"vertical-align: inherit;\"><span style=\"vertical-align: inherit;\"> \u00a0Dra. <\/span><span style=\"vertical-align: inherit;\">Beatriz Elena Archila, Licda. <\/span><span style=\"vertical-align: inherit;\">Brenda Iveth Beltr\u00e1n, Licda. <\/span><span style=\"vertical-align: inherit;\">Marisol Tejada Hern\u00e1ndez, Tecn\u00f3loga. <\/span><span style=\"vertical-align: inherit;\">Felipe Antonio V\u00e1squez, Licda. <\/span><span style=\"vertical-align: inherit;\">Laura Marissela Nieto.<\/span><\/span><\/p><p><b><span style=\"vertical-align: inherit;\"><span style=\"vertical-align: inherit;\">Resumen:<\/span><\/span><\/b><span style=\"vertical-align: inherit;\"><span style=\"vertical-align: inherit;\"> \u00a0Actualmente, la obesidad y el sobrepeso, aumentan en los pa\u00edses de ingresos econ\u00f3micos bajos y medianos, en particular en los entornos urbanos.<\/span><\/span><\/p><p><span style=\"vertical-align: inherit;\"><span style=\"vertical-align: inherit;\">En El Salvador, afecta al 6 % en ni\u00f1os menores de cinco a\u00f1os, 23 % en ni\u00f1os escolares, 39 % en adolescentes y 60 % en adultos, o sea que con la edad, lastimosamente el sobrepeso y la obesidad aumentan, seg\u00fan Manuel Ram\u00edrez, Coordinador del Centro de Investigaci\u00f3n del Instituto de Nutrici\u00f3n de Centroam\u00e9rica y Panam\u00e1 (INCAP).<\/span><\/span><\/p><p><span style=\"vertical-align: inherit;\"><span style=\"vertical-align: inherit;\">Esta problem\u00e1tica est\u00e1 aumentando las muertes por enfermedades cr\u00f3nicas como el infarto agudo del coraz\u00f3n, derrame cerebral, c\u00e1ncer, enfermedades respiratorias cr\u00f3nicas y la diabetes.<\/span><\/span><\/p>\t\t\t\t\t\t\t\t<\/div>\n\t\t\t\t<\/div>\n\t\t\t\t\t<\/div>\n\t\t<\/div>\n\t\t\t\t<div class=\"elementor-column elementor-col-33 elementor-inner-column elementor-element elementor-element-491b899\" data-id=\"491b899\" data-element_type=\"column\">\n\t\t\t<div class=\"elementor-widget-wrap elementor-element-populated\">\n\t\t\t\t\t\t<div class=\"elementor-element elementor-element-f7d7135 elementor-widget elementor-widget-heading\" data-id=\"f7d7135\" data-element_type=\"widget\" data-widget_type=\"heading.default\">\n\t\t\t\t<div class=\"elementor-widget-container\">\n\t\t\t\t\t<h2 class=\"elementor-heading-title elementor-size-default\">INVESTIGACION A\u00d1O 2017<\/h2>\t\t\t\t<\/div>\n\t\t\t\t<\/div>\n\t\t<div class=\"elementor-element elementor-element-411f47f e-flex e-con-boxed e-con e-parent\" data-id=\"411f47f\" data-element_type=\"container\" data-settings=\"{&quot;background_background&quot;:&quot;slideshow&quot;,&quot;background_slideshow_gallery&quot;:[{&quot;id&quot;:419,&quot;url&quot;:&quot;http:\\\/\\\/itetps.edu.sv\\\/wp-content\\\/uploads\\\/2024\\\/02\\\/img332.jpg&quot;},{&quot;id&quot;:418,&quot;url&quot;:&quot;http:\\\/\\\/itetps.edu.sv\\\/wp-content\\\/uploads\\\/2024\\\/02\\\/img331.jpg&quot;},{&quot;id&quot;:417,&quot;url&quot;:&quot;http:\\\/\\\/itetps.edu.sv\\\/wp-content\\\/uploads\\\/2024\\\/02\\\/img330.jpg&quot;}],&quot;background_slideshow_loop&quot;:&quot;yes&quot;,&quot;background_slideshow_slide_duration&quot;:5000,&quot;background_slideshow_slide_transition&quot;:&quot;fade&quot;,&quot;background_slideshow_transition_duration&quot;:500}\">\n\t\t\t\t\t<div class=\"e-con-inner\">\n\t\t\t\t\t<\/div>\n\t\t\t\t<\/div>\n\t\t\t\t<div class=\"elementor-element elementor-element-66c863a elementor-widget elementor-widget-heading\" data-id=\"66c863a\" data-element_type=\"widget\" data-widget_type=\"heading.default\">\n\t\t\t\t<div class=\"elementor-widget-container\">\n\t\t\t\t\t<h2 class=\"elementor-heading-title elementor-size-default\">\u201cPROGRAMA AMBULATORIO DE DI\u00c1LISIS PERITONEAL Y SU IMPACTO EN LA CALIDAD DE VIDA DE USUARIOS ATENDIDOS EN EL HOSPITAL M\u00c9DICO QUIR\u00daRGICO DEL INSTITUTO SALVADORE\u00d1O DEL SEGURO SOCIAL\u201d.<\/h2>\t\t\t\t<\/div>\n\t\t\t\t<\/div>\n\t\t\t\t<div class=\"elementor-element elementor-element-7033bea elementor-widget elementor-widget-text-editor\" data-id=\"7033bea\" data-element_type=\"widget\" data-widget_type=\"text-editor.default\">\n\t\t\t\t<div class=\"elementor-widget-container\">\n\t\t\t\t\t\t\t\t\t<p><b><span style=\"vertical-align: inherit;\"><span style=\"vertical-align: inherit;\">Participantes:<\/span><\/span><\/b><span style=\"vertical-align: inherit;\"><span style=\"vertical-align: inherit;\"> \u00a0Dra. <\/span><span style=\"vertical-align: inherit;\">Beatriz Elena Archila, Licda. <\/span><span style=\"vertical-align: inherit;\">Sandra Marcela Arucha, Licda. <\/span><span style=\"vertical-align: inherit;\">Brenda Iveth Beltr\u00e1n, Licda. <\/span><span style=\"vertical-align: inherit;\">Marisol Tejada Hern\u00e1ndez.<\/span><\/span><\/p><p><b><span style=\"vertical-align: inherit;\"><span style=\"vertical-align: inherit;\">Resumen:<\/span><\/span><\/b><span style=\"vertical-align: inherit;\"><span style=\"vertical-align: inherit;\"> \u00a0La epidemia global de enfermedad renal cr\u00f3nica (ERC) en todos sus estadios tiene una prevalencia entre el 10% y el 16% y en los estadios de insuficiencia renal cr\u00f3nica (IRC) entre el 1.4% y el 6.3% en la poblaci\u00f3n adulta. .<\/span><\/span><\/p><p><span style=\"vertical-align: inherit;\"><span style=\"vertical-align: inherit;\">En el pa\u00eds, el Instituto Salvadore\u00f1o del Seguro Social (ISSS) atiende a 1,742 personas con insuficiencia renal cr\u00f3nica en varias modalidades, tales como hemodi\u00e1lisis, di\u00e1lisis peritoneal continua ambulatoria (DPCA) y ahora la nueva di\u00e1lisis peritoneal automatizada (DPA).<\/span><\/span><\/p><p><span style=\"vertical-align: inherit;\"><span style=\"vertical-align: inherit;\">DIVULGACI\u00d3N DE INVESTIGACI\u00d3N EN HOSPITAL M\u00c9DICO QUIR\u00daRGICO ISSS UNIDAD DE NEFROLOG\u00cdA.<\/span><\/span><\/p><p><span style=\"vertical-align: inherit;\"><span style=\"vertical-align: inherit;\">El Instituto Tecnol\u00f3gico Escuela T\u00e9cnica Para la Salud recibi\u00f3 por esta investigaci\u00f3n el SEGUNDO LUGAR A NIVEL NACIONAL CATEGOR\u00cdA SENIOR MODALIDAD ORAL EN EL IV CONGRESO NACIONAL DE INVESTIGACI\u00d3N EN SALUD DEL INSTITUTO NACIONAL DE SALUD.<\/span><\/span><\/p>\t\t\t\t\t\t\t\t<\/div>\n\t\t\t\t<\/div>\n\t\t\t\t\t<\/div>\n\t\t<\/div>\n\t\t\t\t\t<\/div>\n\t\t<\/section>\n\t\t\t\t<div class=\"elementor-element elementor-element-155c903 elementor-widget-divider--view-line elementor-widget elementor-widget-divider\" data-id=\"155c903\" data-element_type=\"widget\" data-widget_type=\"divider.default\">\n\t\t\t\t<div class=\"elementor-widget-container\">\n\t\t\t\t\t\t\t<div class=\"elementor-divider\">\n\t\t\t<span class=\"elementor-divider-separator\">\n\t\t\t\t\t\t<\/span>\n\t\t<\/div>\n\t\t\t\t\t\t<\/div>\n\t\t\t\t<\/div>\n\t\t\t\t<section class=\"elementor-section elementor-inner-section elementor-element elementor-element-d40cd2f elementor-section-full_width elementor-section-height-default elementor-section-height-default\" data-id=\"d40cd2f\" data-element_type=\"section\">\n\t\t\t\t\t\t<div class=\"elementor-container elementor-column-gap-no\">\n\t\t\t\t\t<div class=\"elementor-column elementor-col-33 elementor-inner-column elementor-element elementor-element-80beee4\" data-id=\"80beee4\" data-element_type=\"column\">\n\t\t\t<div class=\"elementor-widget-wrap elementor-element-populated\">\n\t\t\t\t\t\t<div class=\"elementor-element elementor-element-51009e0 elementor-widget elementor-widget-heading\" data-id=\"51009e0\" data-element_type=\"widget\" data-widget_type=\"heading.default\">\n\t\t\t\t<div class=\"elementor-widget-container\">\n\t\t\t\t\t<h2 class=\"elementor-heading-title elementor-size-default\">INVESTIGACION A\u00d1O 2015-2016<\/h2>\t\t\t\t<\/div>\n\t\t\t\t<\/div>\n\t\t<div class=\"elementor-element elementor-element-0c1175b e-flex e-con-boxed elementor-invisible e-con e-parent\" data-id=\"0c1175b\" data-element_type=\"container\" data-settings=\"{&quot;background_background&quot;:&quot;slideshow&quot;,&quot;background_slideshow_gallery&quot;:[{&quot;id&quot;:416,&quot;url&quot;:&quot;http:\\\/\\\/itetps.edu.sv\\\/wp-content\\\/uploads\\\/2024\\\/02\\\/img328.jpg&quot;},{&quot;id&quot;:415,&quot;url&quot;:&quot;http:\\\/\\\/itetps.edu.sv\\\/wp-content\\\/uploads\\\/2024\\\/02\\\/img327.jpg&quot;},{&quot;id&quot;:414,&quot;url&quot;:&quot;http:\\\/\\\/itetps.edu.sv\\\/wp-content\\\/uploads\\\/2024\\\/02\\\/img325.jpg&quot;},{&quot;id&quot;:413,&quot;url&quot;:&quot;http:\\\/\\\/itetps.edu.sv\\\/wp-content\\\/uploads\\\/2024\\\/02\\\/img324.jpg&quot;},{&quot;id&quot;:412,&quot;url&quot;:&quot;http:\\\/\\\/itetps.edu.sv\\\/wp-content\\\/uploads\\\/2024\\\/02\\\/img323.jpg&quot;},{&quot;id&quot;:411,&quot;url&quot;:&quot;http:\\\/\\\/itetps.edu.sv\\\/wp-content\\\/uploads\\\/2024\\\/02\\\/img322.jpg&quot;}],&quot;animation&quot;:&quot;fadeIn&quot;,&quot;background_slideshow_loop&quot;:&quot;yes&quot;,&quot;background_slideshow_slide_duration&quot;:5000,&quot;background_slideshow_slide_transition&quot;:&quot;fade&quot;,&quot;background_slideshow_transition_duration&quot;:500}\">\n\t\t\t\t\t<div class=\"e-con-inner\">\n\t\t\t\t\t<\/div>\n\t\t\t\t<\/div>\n\t\t\t\t<div class=\"elementor-element elementor-element-1e52c08 elementor-widget elementor-widget-heading\" data-id=\"1e52c08\" data-element_type=\"widget\" data-widget_type=\"heading.default\">\n\t\t\t\t<div class=\"elementor-widget-container\">\n\t\t\t\t\t<h2 class=\"elementor-heading-title elementor-size-default\">\u201cPATRONES CULTURALES Y SU RELACI\u00d3N CON LA ACTITUD HACIA LA PREVALENCIA Y CONTROL DE LA INSUFICIENCIA RENAL CR\u00d3NICA EN HABITANTES DE SAN JUAN TALPA\u201d.<\/h2>\t\t\t\t<\/div>\n\t\t\t\t<\/div>\n\t\t\t\t<div class=\"elementor-element elementor-element-251a0a6 elementor-widget elementor-widget-text-editor\" data-id=\"251a0a6\" data-element_type=\"widget\" data-widget_type=\"text-editor.default\">\n\t\t\t\t<div class=\"elementor-widget-container\">\n\t\t\t\t\t\t\t\t\t<p><b>Participantes:<\/b>\u00a0Licda. Silvia Beatriz Rodr\u00edguez, Dra. Beatriz Elena Archila, Dra. Marinella Ortiz L\u00f3pez, Licda. Sandra Marcela Arucha, Licda. Brenda Iveth Beltr\u00e1n, Licda. Marisol Tejada Hern\u00e1ndez, Licda. Mar\u00eda Sof\u00eda Albayero.<\/p><p><b>Resumen:<\/b>\u00a0La Enfermedad Renal Cr\u00f3nica (ERC) es un grave problema de salud p\u00fablica a nivel global. En Centroam\u00e9rica se expone que el principal factor de riesgo es la deshidrataci\u00f3n a la que est\u00e1n sometidos los trabajadores. San Juan Talpa es uno de los municipios m\u00e1s afectados por este problema de salud. Se reportan en el per\u00edodo de enero 2011 a noviembre de 2015 un total de 51 defunciones por esta causa, 43 hombres y 8 mujeres.<\/p><p>El Instituto Tecnol\u00f3gico Escuela T\u00e9cnica Para la Salud recibi\u00f3 el PRIMER LUGAR A NIVEL NACIONAL EN INVESTIGACI\u00d3N CIENT\u00cdFICA TECNOL\u00d3GICA EN EDUCACI\u00d3N SUPERIOR, por esta investigaci\u00f3n. Dicho reconocimiento y galard\u00f3n fue otorgado por el Ministerio de Educaci\u00f3n, a trav\u00e9s del Viceministerio de Ciencia y Tecnolog\u00eda y el N-CONACYT.<\/p><p>\u00a0<\/p>\t\t\t\t\t\t\t\t<\/div>\n\t\t\t\t<\/div>\n\t\t\t\t\t<\/div>\n\t\t<\/div>\n\t\t\t\t<div class=\"elementor-column elementor-col-33 elementor-inner-column elementor-element elementor-element-781a348\" data-id=\"781a348\" data-element_type=\"column\">\n\t\t\t<div class=\"elementor-widget-wrap elementor-element-populated\">\n\t\t\t\t\t\t<div class=\"elementor-element elementor-element-362b9ed elementor-widget elementor-widget-heading\" data-id=\"362b9ed\" data-element_type=\"widget\" data-widget_type=\"heading.default\">\n\t\t\t\t<div class=\"elementor-widget-container\">\n\t\t\t\t\t<h2 class=\"elementor-heading-title elementor-size-default\">INVESTIGACION A\u00d1O 2015<\/h2>\t\t\t\t<\/div>\n\t\t\t\t<\/div>\n\t\t<div class=\"elementor-element elementor-element-07a1029 e-flex e-con-boxed e-con e-parent\" data-id=\"07a1029\" data-element_type=\"container\" data-settings=\"{&quot;background_background&quot;:&quot;slideshow&quot;,&quot;background_slideshow_gallery&quot;:[{&quot;id&quot;:410,&quot;url&quot;:&quot;http:\\\/\\\/itetps.edu.sv\\\/wp-content\\\/uploads\\\/2024\\\/02\\\/img320.jpg&quot;},{&quot;id&quot;:409,&quot;url&quot;:&quot;http:\\\/\\\/itetps.edu.sv\\\/wp-content\\\/uploads\\\/2024\\\/02\\\/img319.jpg&quot;},{&quot;id&quot;:408,&quot;url&quot;:&quot;http:\\\/\\\/itetps.edu.sv\\\/wp-content\\\/uploads\\\/2024\\\/02\\\/img318.jpg&quot;}],&quot;background_slideshow_ken_burns&quot;:&quot;yes&quot;,&quot;background_slideshow_ken_burns_zoom_direction&quot;:&quot;out&quot;,&quot;background_slideshow_loop&quot;:&quot;yes&quot;,&quot;background_slideshow_slide_duration&quot;:5000,&quot;background_slideshow_slide_transition&quot;:&quot;fade&quot;,&quot;background_slideshow_transition_duration&quot;:500}\">\n\t\t\t\t\t<div class=\"e-con-inner\">\n\t\t\t\t\t<\/div>\n\t\t\t\t<\/div>\n\t\t\t\t<div class=\"elementor-element elementor-element-d8be85d elementor-widget elementor-widget-heading\" data-id=\"d8be85d\" data-element_type=\"widget\" data-widget_type=\"heading.default\">\n\t\t\t\t<div class=\"elementor-widget-container\">\n\t\t\t\t\t<h2 class=\"elementor-heading-title elementor-size-default\">\u201cFORMACI\u00d3N EN LENGUAJE DE SE\u00d1AS SALVADORE\u00d1A EN EL PERSONAL QUE LABORA EN EL CENTRO DE AUDICI\u00d3N Y LENGUAJE Y LA CALIDAD DE ATENCI\u00d3N AL USUARIO CON DISCAPACIDAD AUDITIVA\u201d.<\/h2>\t\t\t\t<\/div>\n\t\t\t\t<\/div>\n\t\t\t\t<div class=\"elementor-element elementor-element-aebdc8e elementor-widget elementor-widget-text-editor\" data-id=\"aebdc8e\" data-element_type=\"widget\" data-widget_type=\"text-editor.default\">\n\t\t\t\t<div class=\"elementor-widget-container\">\n\t\t\t\t\t\t\t\t\t<p><b>Participantes:<\/b>\u00a0Licda. Silvia Beatriz Rodr\u00edguez, Licda. Ana Beatriz Mart\u00ednez, Dra. Beatriz Elena Archila, Dra. Marinella Ortiz L\u00f3pez, Licda. F\u00e1tima Cristina Hern\u00e1ndez.<\/p><p><b>Resumen:<\/b>\u00a0Dentro de las discapacidades sensoriales, se encuentra la auditiva, que es \u201cla p\u00e9rdida total o parcial de la aptitud auditiva, puede deberse a un defecto en la transmisi\u00f3n de la vibraci\u00f3n sonora desde el t\u00edmpano al \u00f3rgano receptor\u201d. La Lengua de Se\u00f1as Salvadore\u00f1a (LESSA), es un sistema que facilita la comunicaci\u00f3n con personas sordas, implica el uso de se\u00f1as, gestos, movimientos corporales y contacto visual para transmitir un mensaje. A nivel nacional son pocas las personas que han sido capacitadas en esta lengua de se\u00f1as, sin embargo es preciso que la poblaci\u00f3n que ofrece atenci\u00f3n directa la conozca, m\u00e1s a\u00fan cuando los usuarios que frecuentan ese servicio son personas con discapacidad auditiva. La investigaci\u00f3n hace referencia a la problem\u00e1tica planteada, con ella se pretende determinar el tipo de formaci\u00f3n en Lengua de Se\u00f1as Salvadore\u00f1a que existe en el personal que labora en el Centro de Audici\u00f3n y Lenguaje (CALE); y la calidad de atenci\u00f3n que recibe la persona sorda como usuaria de \u00e9ste centro.<\/p>\t\t\t\t\t\t\t\t<\/div>\n\t\t\t\t<\/div>\n\t\t\t\t\t<\/div>\n\t\t<\/div>\n\t\t\t\t<div class=\"elementor-column elementor-col-33 elementor-inner-column elementor-element elementor-element-369de88\" data-id=\"369de88\" data-element_type=\"column\">\n\t\t\t<div class=\"elementor-widget-wrap elementor-element-populated\">\n\t\t\t\t\t\t<div class=\"elementor-element elementor-element-9229701 elementor-widget elementor-widget-heading\" data-id=\"9229701\" data-element_type=\"widget\" data-widget_type=\"heading.default\">\n\t\t\t\t<div class=\"elementor-widget-container\">\n\t\t\t\t\t<h2 class=\"elementor-heading-title elementor-size-default\">INVESTIGACION A\u00d1O 2014<\/h2>\t\t\t\t<\/div>\n\t\t\t\t<\/div>\n\t\t<div class=\"elementor-element elementor-element-d0efdce e-flex e-con-boxed e-con e-parent\" data-id=\"d0efdce\" data-element_type=\"container\" data-settings=\"{&quot;background_background&quot;:&quot;slideshow&quot;,&quot;background_slideshow_gallery&quot;:[{&quot;id&quot;:407,&quot;url&quot;:&quot;http:\\\/\\\/itetps.edu.sv\\\/wp-content\\\/uploads\\\/2024\\\/02\\\/img316.jpg&quot;},{&quot;id&quot;:406,&quot;url&quot;:&quot;http:\\\/\\\/itetps.edu.sv\\\/wp-content\\\/uploads\\\/2024\\\/02\\\/img315.jpg&quot;},{&quot;id&quot;:405,&quot;url&quot;:&quot;http:\\\/\\\/itetps.edu.sv\\\/wp-content\\\/uploads\\\/2024\\\/02\\\/img314.jpg&quot;}],&quot;background_slideshow_slide_transition&quot;:&quot;slide_up&quot;,&quot;background_slideshow_ken_burns&quot;:&quot;yes&quot;,&quot;background_slideshow_loop&quot;:&quot;yes&quot;,&quot;background_slideshow_slide_duration&quot;:5000,&quot;background_slideshow_transition_duration&quot;:500,&quot;background_slideshow_ken_burns_zoom_direction&quot;:&quot;in&quot;}\">\n\t\t\t\t\t<div class=\"e-con-inner\">\n\t\t\t\t\t<\/div>\n\t\t\t\t<\/div>\n\t\t\t\t<div class=\"elementor-element elementor-element-16c196a elementor-widget elementor-widget-heading\" data-id=\"16c196a\" data-element_type=\"widget\" data-widget_type=\"heading.default\">\n\t\t\t\t<div class=\"elementor-widget-container\">\n\t\t\t\t\t<h2 class=\"elementor-heading-title elementor-size-default\">\u201cESTRATEGIAS DE AFRONTAMIENTO QUE UTILIZA ELPERSONAL DE SALUD ANTE EL DOLOR Y MUERTE DE PACIENTES CON C\u00c1NCER QUE SON ATENDIDOS EN EL SERVICIO DE HEMATO-ONCOLOGIA DEL HOSPITAL NACIONAL ROSALES\u201d.<\/h2>\t\t\t\t<\/div>\n\t\t\t\t<\/div>\n\t\t\t\t<div class=\"elementor-element elementor-element-c66ac20 elementor-widget elementor-widget-text-editor\" data-id=\"c66ac20\" data-element_type=\"widget\" data-widget_type=\"text-editor.default\">\n\t\t\t\t<div class=\"elementor-widget-container\">\n\t\t\t\t\t\t\t\t\t<p><b>Participantes:<\/b>\u00a0Licda. Ana Beatriz Mart\u00ednez, Dra. Beatriz Elena Archila, Dra. Marinella Ortiz L\u00f3pez, Licda. Silvia Beatriz Rodr\u00edguez, Licda. F\u00e1tima Cristina Hern\u00e1ndez.<\/p><p><b>Resumen:<\/b>\u00a0A pesar que el personal de salud se enfrenta al dolor y la muerte de pacientes con c\u00e1ncer en su rutina laboral, durante su formaci\u00f3n acad\u00e9mica no es preparado con la profundidad requerida; por lo que para afrontar estas situaciones tienen que acudir a estrategias que personalmente favorezcan su bienestar f\u00edsico, psicol\u00f3gico y social. La investigaci\u00f3n hace referencia a la problem\u00e1tica planteada y el prop\u00f3sito fu\u00e9 identificar cu\u00e1les son las estrategias de afrontamiento que utiliza el personal de salud ante el dolor y muerte de pacientes con c\u00e1ncer, tomando como base la clasificaci\u00f3n que establece la teor\u00eda de Lazarus y Folkman.<\/p>\t\t\t\t\t\t\t\t<\/div>\n\t\t\t\t<\/div>\n\t\t\t\t\t<\/div>\n\t\t<\/div>\n\t\t\t\t\t<\/div>\n\t\t<\/section>\n\t\t\t\t<div class=\"elementor-element elementor-element-dadfacb elementor-widget-divider--view-line elementor-widget elementor-widget-divider\" data-id=\"dadfacb\" data-element_type=\"widget\" data-widget_type=\"divider.default\">\n\t\t\t\t<div class=\"elementor-widget-container\">\n\t\t\t\t\t\t\t<div class=\"elementor-divider\">\n\t\t\t<span class=\"elementor-divider-separator\">\n\t\t\t\t\t\t<\/span>\n\t\t<\/div>\n\t\t\t\t\t\t<\/div>\n\t\t\t\t<\/div>\n\t\t\t\t<section class=\"elementor-section elementor-inner-section elementor-element elementor-element-0fb5391 elementor-section-full_width elementor-section-height-default elementor-section-height-default\" data-id=\"0fb5391\" data-element_type=\"section\">\n\t\t\t\t\t\t<div class=\"elementor-container elementor-column-gap-no\">\n\t\t\t\t\t<div class=\"elementor-column elementor-col-33 elementor-inner-column elementor-element elementor-element-f934335\" data-id=\"f934335\" data-element_type=\"column\">\n\t\t\t<div class=\"elementor-widget-wrap elementor-element-populated\">\n\t\t\t\t\t\t<div class=\"elementor-element elementor-element-f569be0 elementor-widget elementor-widget-heading\" data-id=\"f569be0\" data-element_type=\"widget\" data-widget_type=\"heading.default\">\n\t\t\t\t<div class=\"elementor-widget-container\">\n\t\t\t\t\t<h2 class=\"elementor-heading-title elementor-size-default\">INVESTIGACION A\u00d1O 2015-2016<\/h2>\t\t\t\t<\/div>\n\t\t\t\t<\/div>\n\t\t<div class=\"elementor-element elementor-element-93b1cf3 e-flex e-con-boxed elementor-invisible e-con e-parent\" data-id=\"93b1cf3\" data-element_type=\"container\" data-settings=\"{&quot;background_background&quot;:&quot;slideshow&quot;,&quot;background_slideshow_gallery&quot;:[{&quot;id&quot;:416,&quot;url&quot;:&quot;http:\\\/\\\/itetps.edu.sv\\\/wp-content\\\/uploads\\\/2024\\\/02\\\/img328.jpg&quot;},{&quot;id&quot;:415,&quot;url&quot;:&quot;http:\\\/\\\/itetps.edu.sv\\\/wp-content\\\/uploads\\\/2024\\\/02\\\/img327.jpg&quot;},{&quot;id&quot;:414,&quot;url&quot;:&quot;http:\\\/\\\/itetps.edu.sv\\\/wp-content\\\/uploads\\\/2024\\\/02\\\/img325.jpg&quot;},{&quot;id&quot;:413,&quot;url&quot;:&quot;http:\\\/\\\/itetps.edu.sv\\\/wp-content\\\/uploads\\\/2024\\\/02\\\/img324.jpg&quot;},{&quot;id&quot;:412,&quot;url&quot;:&quot;http:\\\/\\\/itetps.edu.sv\\\/wp-content\\\/uploads\\\/2024\\\/02\\\/img323.jpg&quot;},{&quot;id&quot;:411,&quot;url&quot;:&quot;http:\\\/\\\/itetps.edu.sv\\\/wp-content\\\/uploads\\\/2024\\\/02\\\/img322.jpg&quot;}],&quot;animation&quot;:&quot;fadeIn&quot;,&quot;background_slideshow_loop&quot;:&quot;yes&quot;,&quot;background_slideshow_slide_duration&quot;:5000,&quot;background_slideshow_slide_transition&quot;:&quot;fade&quot;,&quot;background_slideshow_transition_duration&quot;:500}\">\n\t\t\t\t\t<div class=\"e-con-inner\">\n\t\t\t\t\t<\/div>\n\t\t\t\t<\/div>\n\t\t\t\t<div class=\"elementor-element elementor-element-1129ace elementor-widget elementor-widget-heading\" data-id=\"1129ace\" data-element_type=\"widget\" data-widget_type=\"heading.default\">\n\t\t\t\t<div class=\"elementor-widget-container\">\n\t\t\t\t\t<h2 class=\"elementor-heading-title elementor-size-default\">\u201cPATRONES CULTURALES Y SU RELACI\u00d3N CON LA ACTITUD HACIA LA PREVALENCIA Y CONTROL DE LA INSUFICIENCIA RENAL CR\u00d3NICA EN HABITANTES DE SAN JUAN TALPA\u201d.<\/h2>\t\t\t\t<\/div>\n\t\t\t\t<\/div>\n\t\t\t\t<div class=\"elementor-element elementor-element-7b6e5bf elementor-widget elementor-widget-text-editor\" data-id=\"7b6e5bf\" data-element_type=\"widget\" data-widget_type=\"text-editor.default\">\n\t\t\t\t<div class=\"elementor-widget-container\">\n\t\t\t\t\t\t\t\t\t<p><b>Participantes:<\/b>\u00a0Licda. Silvia Beatriz Rodr\u00edguez, Dra. Beatriz Elena Archila, Dra. Marinella Ortiz L\u00f3pez, Licda. Sandra Marcela Arucha, Licda. Brenda Iveth Beltr\u00e1n, Licda. Marisol Tejada Hern\u00e1ndez, Licda. Mar\u00eda Sof\u00eda Albayero.<\/p><p><b>Resumen:<\/b>\u00a0La Enfermedad Renal Cr\u00f3nica (ERC) es un grave problema de salud p\u00fablica a nivel global. En Centroam\u00e9rica se expone que el principal factor de riesgo es la deshidrataci\u00f3n a la que est\u00e1n sometidos los trabajadores. San Juan Talpa es uno de los municipios m\u00e1s afectados por este problema de salud. Se reportan en el per\u00edodo de enero 2011 a noviembre de 2015 un total de 51 defunciones por esta causa, 43 hombres y 8 mujeres.<\/p><p>El Instituto Tecnol\u00f3gico Escuela T\u00e9cnica Para la Salud recibi\u00f3 el PRIMER LUGAR A NIVEL NACIONAL EN INVESTIGACI\u00d3N CIENT\u00cdFICA TECNOL\u00d3GICA EN EDUCACI\u00d3N SUPERIOR, por esta investigaci\u00f3n. Dicho reconocimiento y galard\u00f3n fue otorgado por el Ministerio de Educaci\u00f3n, a trav\u00e9s del Viceministerio de Ciencia y Tecnolog\u00eda y el N-CONACYT.<\/p><p>\u00a0<\/p>\t\t\t\t\t\t\t\t<\/div>\n\t\t\t\t<\/div>\n\t\t\t\t\t<\/div>\n\t\t<\/div>\n\t\t\t\t<div class=\"elementor-column elementor-col-33 elementor-inner-column elementor-element elementor-element-190356e\" data-id=\"190356e\" data-element_type=\"column\">\n\t\t\t<div class=\"elementor-widget-wrap elementor-element-populated\">\n\t\t\t\t\t\t<div class=\"elementor-element elementor-element-7fa3b23 elementor-widget elementor-widget-heading\" data-id=\"7fa3b23\" data-element_type=\"widget\" data-widget_type=\"heading.default\">\n\t\t\t\t<div class=\"elementor-widget-container\">\n\t\t\t\t\t<h2 class=\"elementor-heading-title elementor-size-default\">INVESTIGACION A\u00d1O 2015<\/h2>\t\t\t\t<\/div>\n\t\t\t\t<\/div>\n\t\t<div class=\"elementor-element elementor-element-b27ddfa e-flex e-con-boxed e-con e-parent\" data-id=\"b27ddfa\" data-element_type=\"container\" data-settings=\"{&quot;background_background&quot;:&quot;slideshow&quot;,&quot;background_slideshow_gallery&quot;:[{&quot;id&quot;:410,&quot;url&quot;:&quot;http:\\\/\\\/itetps.edu.sv\\\/wp-content\\\/uploads\\\/2024\\\/02\\\/img320.jpg&quot;},{&quot;id&quot;:409,&quot;url&quot;:&quot;http:\\\/\\\/itetps.edu.sv\\\/wp-content\\\/uploads\\\/2024\\\/02\\\/img319.jpg&quot;},{&quot;id&quot;:408,&quot;url&quot;:&quot;http:\\\/\\\/itetps.edu.sv\\\/wp-content\\\/uploads\\\/2024\\\/02\\\/img318.jpg&quot;}],&quot;background_slideshow_ken_burns&quot;:&quot;yes&quot;,&quot;background_slideshow_ken_burns_zoom_direction&quot;:&quot;out&quot;,&quot;background_slideshow_loop&quot;:&quot;yes&quot;,&quot;background_slideshow_slide_duration&quot;:5000,&quot;background_slideshow_slide_transition&quot;:&quot;fade&quot;,&quot;background_slideshow_transition_duration&quot;:500}\">\n\t\t\t\t\t<div class=\"e-con-inner\">\n\t\t\t\t\t<\/div>\n\t\t\t\t<\/div>\n\t\t\t\t<div class=\"elementor-element elementor-element-baa4a2e elementor-widget elementor-widget-heading\" data-id=\"baa4a2e\" data-element_type=\"widget\" data-widget_type=\"heading.default\">\n\t\t\t\t<div class=\"elementor-widget-container\">\n\t\t\t\t\t<h2 class=\"elementor-heading-title elementor-size-default\">\u201cFORMACI\u00d3N EN LENGUAJE DE SE\u00d1AS SALVADORE\u00d1A EN EL PERSONAL QUE LABORA EN EL CENTRO DE AUDICI\u00d3N Y LENGUAJE Y LA CALIDAD DE ATENCI\u00d3N AL USUARIO CON DISCAPACIDAD AUDITIVA\u201d.<\/h2>\t\t\t\t<\/div>\n\t\t\t\t<\/div>\n\t\t\t\t<div class=\"elementor-element elementor-element-cdf48d8 elementor-widget elementor-widget-text-editor\" data-id=\"cdf48d8\" data-element_type=\"widget\" data-widget_type=\"text-editor.default\">\n\t\t\t\t<div class=\"elementor-widget-container\">\n\t\t\t\t\t\t\t\t\t<p><b>Participantes:<\/b>\u00a0Licda. Silvia Beatriz Rodr\u00edguez, Licda. Ana Beatriz Mart\u00ednez, Dra. Beatriz Elena Archila, Dra. Marinella Ortiz L\u00f3pez, Licda. F\u00e1tima Cristina Hern\u00e1ndez.<\/p><p><b>Resumen:<\/b>\u00a0Dentro de las discapacidades sensoriales, se encuentra la auditiva, que es \u201cla p\u00e9rdida total o parcial de la aptitud auditiva, puede deberse a un defecto en la transmisi\u00f3n de la vibraci\u00f3n sonora desde el t\u00edmpano al \u00f3rgano receptor\u201d. La Lengua de Se\u00f1as Salvadore\u00f1a (LESSA), es un sistema que facilita la comunicaci\u00f3n con personas sordas, implica el uso de se\u00f1as, gestos, movimientos corporales y contacto visual para transmitir un mensaje. A nivel nacional son pocas las personas que han sido capacitadas en esta lengua de se\u00f1as, sin embargo es preciso que la poblaci\u00f3n que ofrece atenci\u00f3n directa la conozca, m\u00e1s a\u00fan cuando los usuarios que frecuentan ese servicio son personas con discapacidad auditiva. La investigaci\u00f3n hace referencia a la problem\u00e1tica planteada, con ella se pretende determinar el tipo de formaci\u00f3n en Lengua de Se\u00f1as Salvadore\u00f1a que existe en el personal que labora en el Centro de Audici\u00f3n y Lenguaje (CALE); y la calidad de atenci\u00f3n que recibe la persona sorda como usuaria de \u00e9ste centro.<\/p>\t\t\t\t\t\t\t\t<\/div>\n\t\t\t\t<\/div>\n\t\t\t\t\t<\/div>\n\t\t<\/div>\n\t\t\t\t<div class=\"elementor-column elementor-col-33 elementor-inner-column elementor-element elementor-element-b301678\" data-id=\"b301678\" data-element_type=\"column\">\n\t\t\t<div class=\"elementor-widget-wrap elementor-element-populated\">\n\t\t\t\t\t\t<div class=\"elementor-element elementor-element-ca54ab6 elementor-widget elementor-widget-heading\" data-id=\"ca54ab6\" data-element_type=\"widget\" data-widget_type=\"heading.default\">\n\t\t\t\t<div class=\"elementor-widget-container\">\n\t\t\t\t\t<h2 class=\"elementor-heading-title elementor-size-default\">INVESTIGACION A\u00d1O 2014<\/h2>\t\t\t\t<\/div>\n\t\t\t\t<\/div>\n\t\t<div class=\"elementor-element elementor-element-67d3f63 e-flex e-con-boxed e-con e-parent\" data-id=\"67d3f63\" data-element_type=\"container\" data-settings=\"{&quot;background_background&quot;:&quot;slideshow&quot;,&quot;background_slideshow_gallery&quot;:[{&quot;id&quot;:407,&quot;url&quot;:&quot;http:\\\/\\\/itetps.edu.sv\\\/wp-content\\\/uploads\\\/2024\\\/02\\\/img316.jpg&quot;},{&quot;id&quot;:406,&quot;url&quot;:&quot;http:\\\/\\\/itetps.edu.sv\\\/wp-content\\\/uploads\\\/2024\\\/02\\\/img315.jpg&quot;},{&quot;id&quot;:405,&quot;url&quot;:&quot;http:\\\/\\\/itetps.edu.sv\\\/wp-content\\\/uploads\\\/2024\\\/02\\\/img314.jpg&quot;}],&quot;background_slideshow_slide_transition&quot;:&quot;slide_up&quot;,&quot;background_slideshow_ken_burns&quot;:&quot;yes&quot;,&quot;background_slideshow_loop&quot;:&quot;yes&quot;,&quot;background_slideshow_slide_duration&quot;:5000,&quot;background_slideshow_transition_duration&quot;:500,&quot;background_slideshow_ken_burns_zoom_direction&quot;:&quot;in&quot;}\">\n\t\t\t\t\t<div class=\"e-con-inner\">\n\t\t\t\t\t<\/div>\n\t\t\t\t<\/div>\n\t\t\t\t<div class=\"elementor-element elementor-element-f2396eb elementor-widget elementor-widget-heading\" data-id=\"f2396eb\" data-element_type=\"widget\" data-widget_type=\"heading.default\">\n\t\t\t\t<div class=\"elementor-widget-container\">\n\t\t\t\t\t<h2 class=\"elementor-heading-title elementor-size-default\">\u201cESTRATEGIAS DE AFRONTAMIENTO QUE UTILIZA ELPERSONAL DE SALUD ANTE EL DOLOR Y MUERTE DE PACIENTES CON C\u00c1NCER QUE SON ATENDIDOS EN EL SERVICIO DE HEMATO-ONCOLOGIA DEL HOSPITAL NACIONAL ROSALES\u201d.<\/h2>\t\t\t\t<\/div>\n\t\t\t\t<\/div>\n\t\t\t\t<div class=\"elementor-element elementor-element-93c0ce0 elementor-widget elementor-widget-text-editor\" data-id=\"93c0ce0\" data-element_type=\"widget\" data-widget_type=\"text-editor.default\">\n\t\t\t\t<div class=\"elementor-widget-container\">\n\t\t\t\t\t\t\t\t\t<p><b>Participantes:<\/b>\u00a0Licda. Ana Beatriz Mart\u00ednez, Dra. Beatriz Elena Archila, Dra. Marinella Ortiz L\u00f3pez, Licda. Silvia Beatriz Rodr\u00edguez, Licda. F\u00e1tima Cristina Hern\u00e1ndez.<\/p><p><b>Resumen:<\/b>\u00a0A pesar que el personal de salud se enfrenta al dolor y la muerte de pacientes con c\u00e1ncer en su rutina laboral, durante su formaci\u00f3n acad\u00e9mica no es preparado con la profundidad requerida; por lo que para afrontar estas situaciones tienen que acudir a estrategias que personalmente favorezcan su bienestar f\u00edsico, psicol\u00f3gico y social. La investigaci\u00f3n hace referencia a la problem\u00e1tica planteada y el prop\u00f3sito fu\u00e9 identificar cu\u00e1les son las estrategias de afrontamiento que utiliza el personal de salud ante el dolor y muerte de pacientes con c\u00e1ncer, tomando como base la clasificaci\u00f3n que establece la teor\u00eda de Lazarus y Folkman.<\/p>\t\t\t\t\t\t\t\t<\/div>\n\t\t\t\t<\/div>\n\t\t\t\t\t<\/div>\n\t\t<\/div>\n\t\t\t\t\t<\/div>\n\t\t<\/section>\n\t\t\t\t<div class=\"elementor-element elementor-element-23ca5a7 elementor-widget-divider--view-line elementor-widget elementor-widget-divider\" data-id=\"23ca5a7\" data-element_type=\"widget\" data-widget_type=\"divider.default\">\n\t\t\t\t<div class=\"elementor-widget-container\">\n\t\t\t\t\t\t\t<div class=\"elementor-divider\">\n\t\t\t<span class=\"elementor-divider-separator\">\n\t\t\t\t\t\t<\/span>\n\t\t<\/div>\n\t\t\t\t\t\t<\/div>\n\t\t\t\t<\/div>\n\t\t\t\t<section class=\"elementor-section elementor-inner-section elementor-element elementor-element-7db7fd1 elementor-section-full_width elementor-section-height-default elementor-section-height-default\" data-id=\"7db7fd1\" data-element_type=\"section\">\n\t\t\t\t\t\t<div class=\"elementor-container elementor-column-gap-no\">\n\t\t\t\t\t<div class=\"elementor-column elementor-col-33 elementor-inner-column elementor-element elementor-element-dc6f4c5\" data-id=\"dc6f4c5\" data-element_type=\"column\">\n\t\t\t<div class=\"elementor-widget-wrap elementor-element-populated\">\n\t\t\t\t\t\t<div class=\"elementor-element elementor-element-3d78713 elementor-widget elementor-widget-heading\" data-id=\"3d78713\" data-element_type=\"widget\" data-widget_type=\"heading.default\">\n\t\t\t\t<div class=\"elementor-widget-container\">\n\t\t\t\t\t<h2 class=\"elementor-heading-title elementor-size-default\">INVESTIGACION A\u00d1O 2013<\/h2>\t\t\t\t<\/div>\n\t\t\t\t<\/div>\n\t\t<div class=\"elementor-element elementor-element-2e2a099 e-flex e-con-boxed elementor-invisible e-con e-parent\" data-id=\"2e2a099\" data-element_type=\"container\" data-settings=\"{&quot;background_background&quot;:&quot;slideshow&quot;,&quot;background_slideshow_gallery&quot;:[{&quot;id&quot;:404,&quot;url&quot;:&quot;http:\\\/\\\/itetps.edu.sv\\\/wp-content\\\/uploads\\\/2024\\\/02\\\/img311.jpg&quot;},{&quot;id&quot;:403,&quot;url&quot;:&quot;http:\\\/\\\/itetps.edu.sv\\\/wp-content\\\/uploads\\\/2024\\\/02\\\/img310.jpg&quot;},{&quot;id&quot;:402,&quot;url&quot;:&quot;http:\\\/\\\/itetps.edu.sv\\\/wp-content\\\/uploads\\\/2024\\\/02\\\/img309.jpg&quot;}],&quot;animation&quot;:&quot;fadeIn&quot;,&quot;background_slideshow_loop&quot;:&quot;yes&quot;,&quot;background_slideshow_slide_duration&quot;:5000,&quot;background_slideshow_slide_transition&quot;:&quot;fade&quot;,&quot;background_slideshow_transition_duration&quot;:500}\">\n\t\t\t\t\t<div class=\"e-con-inner\">\n\t\t\t\t\t<\/div>\n\t\t\t\t<\/div>\n\t\t\t\t<div class=\"elementor-element elementor-element-d0a8a58 elementor-widget elementor-widget-heading\" data-id=\"d0a8a58\" data-element_type=\"widget\" data-widget_type=\"heading.default\">\n\t\t\t\t<div class=\"elementor-widget-container\">\n\t\t\t\t\t<h2 class=\"elementor-heading-title elementor-size-default\">\u201cACTITUD DEL PERSONAL INVOLUCRADO EN LA APLICACI\u00d3N DE LA NORMA T\u00c9CNICA PARA EL MANEJO DE LOS DESECHOS S\u00d3LIDOS BIOINFECCIOSOS GENERADOS EN EL HOSPITAL NACIONAL ESPECIALIZADO DE MATERNIDAD DR. RA\u00daL ARGUELLO ESCOLAN\u201d.<\/h2>\t\t\t\t<\/div>\n\t\t\t\t<\/div>\n\t\t\t\t<div class=\"elementor-element elementor-element-f2c34c1 elementor-widget elementor-widget-text-editor\" data-id=\"f2c34c1\" data-element_type=\"widget\" data-widget_type=\"text-editor.default\">\n\t\t\t\t<div class=\"elementor-widget-container\">\n\t\t\t\t\t\t\t\t\t<p><b>Participantes:<\/b>\u00a0Licda. Ana Beatriz Mart\u00ednez, Dra. Beatriz Elena Archila, Dra. Kenia Patricia Garc\u00eda, Licda. Silvia Beatriz Rodr\u00edguez.<\/p><p><b>Resumen:<\/b>\u00a0Con el paso del tiempo, la implementaci\u00f3n de un sistema integral de desechos hospitalarios se ha convertido en una necesidad ineludible, dado que de no ponerlo en pr\u00e1ctica se derivan una serie de repercusiones de orden negativo para la poblaci\u00f3n en general.<\/p>\t\t\t\t\t\t\t\t<\/div>\n\t\t\t\t<\/div>\n\t\t\t\t\t<\/div>\n\t\t<\/div>\n\t\t\t\t<div class=\"elementor-column elementor-col-33 elementor-inner-column elementor-element elementor-element-94a6ff6\" data-id=\"94a6ff6\" data-element_type=\"column\">\n\t\t\t<div class=\"elementor-widget-wrap elementor-element-populated\">\n\t\t\t\t\t\t<div class=\"elementor-element elementor-element-b8245fb elementor-widget elementor-widget-heading\" data-id=\"b8245fb\" data-element_type=\"widget\" data-widget_type=\"heading.default\">\n\t\t\t\t<div class=\"elementor-widget-container\">\n\t\t\t\t\t<h2 class=\"elementor-heading-title elementor-size-default\">INVESTIGACION A\u00d1O 2012<\/h2>\t\t\t\t<\/div>\n\t\t\t\t<\/div>\n\t\t<div class=\"elementor-element elementor-element-53f9caf e-flex e-con-boxed e-con e-parent\" data-id=\"53f9caf\" data-element_type=\"container\" data-settings=\"{&quot;background_background&quot;:&quot;slideshow&quot;,&quot;background_slideshow_gallery&quot;:[{&quot;id&quot;:400,&quot;url&quot;:&quot;http:\\\/\\\/itetps.edu.sv\\\/wp-content\\\/uploads\\\/2024\\\/02\\\/img307.jpg&quot;},{&quot;id&quot;:401,&quot;url&quot;:&quot;http:\\\/\\\/itetps.edu.sv\\\/wp-content\\\/uploads\\\/2024\\\/02\\\/img308.jpg&quot;}],&quot;background_slideshow_ken_burns&quot;:&quot;yes&quot;,&quot;background_slideshow_ken_burns_zoom_direction&quot;:&quot;out&quot;,&quot;background_slideshow_loop&quot;:&quot;yes&quot;,&quot;background_slideshow_slide_duration&quot;:5000,&quot;background_slideshow_slide_transition&quot;:&quot;fade&quot;,&quot;background_slideshow_transition_duration&quot;:500}\">\n\t\t\t\t\t<div class=\"e-con-inner\">\n\t\t\t\t\t<\/div>\n\t\t\t\t<\/div>\n\t\t\t\t<div class=\"elementor-element elementor-element-d805146 elementor-widget elementor-widget-heading\" data-id=\"d805146\" data-element_type=\"widget\" data-widget_type=\"heading.default\">\n\t\t\t\t<div class=\"elementor-widget-container\">\n\t\t\t\t\t<h2 class=\"elementor-heading-title elementor-size-default\">\u201cCALIDAD DEL CUIDADO DE ENFERMER\u00cdA EN USUARIOS QUE ADOLECEN VIH-SIDA INGRESADOS EN EL SERVICIO DE MEDICINA DEL HOSPITAL NACIONAL GENERAL DE NEUMOLOG\u00cdA Y MEDICINA FAMILIAR DR. JOS\u00c9 ANTONIO SALDA\u00d1A EN EL PERIODO DE JULIO DE 2011 - ENERO 2012\u201d.<\/h2>\t\t\t\t<\/div>\n\t\t\t\t<\/div>\n\t\t\t\t<div class=\"elementor-element elementor-element-0bc6250 elementor-widget elementor-widget-text-editor\" data-id=\"0bc6250\" data-element_type=\"widget\" data-widget_type=\"text-editor.default\">\n\t\t\t\t<div class=\"elementor-widget-container\">\n\t\t\t\t\t\t\t\t\t<p><b>Participantes:<\/b>\u00a0Licda. Ver\u00f3nica Jazm\u00edn L\u00f3pez, Licda. Blanca Leticia Mart\u00ednez, Licda. Ana Beatriz Mart\u00ednez, Licda. Rosario Guadalupe Mart\u00ednez, Licda .Norma Guadalupe Portillo, Enfermera Tatiana Torrens.<\/p><p><b>Resumen:<\/b>\u00a0El s\u00edndrome de inmunodeficiencia adquirida (SIDA) es uno de los padecimientos que m\u00e1s recientemente se han descrito; el impacto de esta enfermedad es m\u00e1s evidente en los pa\u00edses en v\u00edas de desarrollo y a la elevada tasa de mortalidad, el impacto socioecon\u00f3mico son algunas de las consecuencias que arrastran este problema.<\/p>\t\t\t\t\t\t\t\t<\/div>\n\t\t\t\t<\/div>\n\t\t\t\t\t<\/div>\n\t\t<\/div>\n\t\t\t\t<div class=\"elementor-column elementor-col-33 elementor-inner-column elementor-element elementor-element-15f9778\" data-id=\"15f9778\" data-element_type=\"column\">\n\t\t\t<div class=\"elementor-widget-wrap elementor-element-populated\">\n\t\t\t\t\t\t<div class=\"elementor-element elementor-element-db6f878 elementor-widget elementor-widget-heading\" data-id=\"db6f878\" data-element_type=\"widget\" data-widget_type=\"heading.default\">\n\t\t\t\t<div class=\"elementor-widget-container\">\n\t\t\t\t\t<h2 class=\"elementor-heading-title elementor-size-default\">INVESTIGACION A\u00d1O 2011<\/h2>\t\t\t\t<\/div>\n\t\t\t\t<\/div>\n\t\t<div class=\"elementor-element elementor-element-e9660c4 e-flex e-con-boxed e-con e-parent\" data-id=\"e9660c4\" data-element_type=\"container\" data-settings=\"{&quot;background_background&quot;:&quot;slideshow&quot;,&quot;background_slideshow_gallery&quot;:[{&quot;id&quot;:399,&quot;url&quot;:&quot;http:\\\/\\\/itetps.edu.sv\\\/wp-content\\\/uploads\\\/2024\\\/02\\\/img305.jpg&quot;},{&quot;id&quot;:398,&quot;url&quot;:&quot;http:\\\/\\\/itetps.edu.sv\\\/wp-content\\\/uploads\\\/2024\\\/02\\\/img304.jpg&quot;}],&quot;background_slideshow_slide_transition&quot;:&quot;slide_up&quot;,&quot;background_slideshow_ken_burns&quot;:&quot;yes&quot;,&quot;background_slideshow_loop&quot;:&quot;yes&quot;,&quot;background_slideshow_slide_duration&quot;:5000,&quot;background_slideshow_transition_duration&quot;:500,&quot;background_slideshow_ken_burns_zoom_direction&quot;:&quot;in&quot;}\">\n\t\t\t\t\t<div class=\"e-con-inner\">\n\t\t\t\t\t<\/div>\n\t\t\t\t<\/div>\n\t\t\t\t<div class=\"elementor-element elementor-element-657a6ca elementor-widget elementor-widget-heading\" data-id=\"657a6ca\" data-element_type=\"widget\" data-widget_type=\"heading.default\">\n\t\t\t\t<div class=\"elementor-widget-container\">\n\t\t\t\t\t<h2 class=\"elementor-heading-title elementor-size-default\">\u201cPROPUESTA PARA EL MEJORAMIENTO EN LA CALIDAD DE ATENCI\u00d3N A LOS PACIENTES GERI\u00c1TRICOS ATENDIDOS EN LA UNIDAD MEDICA ISSS CHALATENANGO\u201d.<\/h2>\t\t\t\t<\/div>\n\t\t\t\t<\/div>\n\t\t\t\t<div class=\"elementor-element elementor-element-b6e88a9 elementor-widget elementor-widget-text-editor\" data-id=\"b6e88a9\" data-element_type=\"widget\" data-widget_type=\"text-editor.default\">\n\t\t\t\t<div class=\"elementor-widget-container\">\n\t\t\t\t\t\t\t\t\t<p><b>Participantes:<\/b>\u00a0Dra. Julia Roxana Aguilar, Licda. Marta Lilian Berrios V\u00e1squez, Licdo. V\u00edctor Hugo Hern\u00e1ndez Guardado.<\/p><p><b>Resumen:<\/b>\u00a0La investigaci\u00f3n contempla un abordaje sobre el concepto de la calidad en los servicios de salud, desde la perspectiva del paciente adulto mayor de la unidad m\u00e9dica Chalatenango.<\/p>\t\t\t\t\t\t\t\t<\/div>\n\t\t\t\t<\/div>\n\t\t\t\t\t<\/div>\n\t\t<\/div>\n\t\t\t\t\t<\/div>\n\t\t<\/section>\n\t\t\t\t<div class=\"elementor-element elementor-element-fc84f4f elementor-widget-divider--view-line elementor-widget elementor-widget-divider\" data-id=\"fc84f4f\" data-element_type=\"widget\" data-widget_type=\"divider.default\">\n\t\t\t\t<div class=\"elementor-widget-container\">\n\t\t\t\t\t\t\t<div class=\"elementor-divider\">\n\t\t\t<span class=\"elementor-divider-separator\">\n\t\t\t\t\t\t<\/span>\n\t\t<\/div>\n\t\t\t\t\t\t<\/div>\n\t\t\t\t<\/div>\n\t\t\t\t<section class=\"elementor-section elementor-inner-section elementor-element elementor-element-9a1371c elementor-section-full_width elementor-section-height-default elementor-section-height-default\" data-id=\"9a1371c\" data-element_type=\"section\">\n\t\t\t\t\t\t<div class=\"elementor-container elementor-column-gap-no\">\n\t\t\t\t\t<div class=\"elementor-column elementor-col-33 elementor-inner-column elementor-element elementor-element-e46d3b7\" data-id=\"e46d3b7\" data-element_type=\"column\">\n\t\t\t<div class=\"elementor-widget-wrap elementor-element-populated\">\n\t\t\t\t\t\t<div class=\"elementor-element elementor-element-25a06eb elementor-widget elementor-widget-heading\" data-id=\"25a06eb\" data-element_type=\"widget\" data-widget_type=\"heading.default\">\n\t\t\t\t<div class=\"elementor-widget-container\">\n\t\t\t\t\t<h2 class=\"elementor-heading-title elementor-size-default\">INVESTIGACION A\u00d1O 2010<\/h2>\t\t\t\t<\/div>\n\t\t\t\t<\/div>\n\t\t<div class=\"elementor-element elementor-element-2113edc e-flex e-con-boxed elementor-invisible e-con e-parent\" data-id=\"2113edc\" data-element_type=\"container\" data-settings=\"{&quot;background_background&quot;:&quot;slideshow&quot;,&quot;background_slideshow_gallery&quot;:[{&quot;id&quot;:397,&quot;url&quot;:&quot;http:\\\/\\\/itetps.edu.sv\\\/wp-content\\\/uploads\\\/2024\\\/02\\\/img302.jpg&quot;},{&quot;id&quot;:396,&quot;url&quot;:&quot;http:\\\/\\\/itetps.edu.sv\\\/wp-content\\\/uploads\\\/2024\\\/02\\\/img301.jpg&quot;}],&quot;animation&quot;:&quot;fadeIn&quot;,&quot;background_slideshow_loop&quot;:&quot;yes&quot;,&quot;background_slideshow_slide_duration&quot;:5000,&quot;background_slideshow_slide_transition&quot;:&quot;fade&quot;,&quot;background_slideshow_transition_duration&quot;:500}\">\n\t\t\t\t\t<div class=\"e-con-inner\">\n\t\t\t\t\t<\/div>\n\t\t\t\t<\/div>\n\t\t\t\t<div class=\"elementor-element elementor-element-4b60b69 elementor-widget elementor-widget-heading\" data-id=\"4b60b69\" data-element_type=\"widget\" data-widget_type=\"heading.default\">\n\t\t\t\t<div class=\"elementor-widget-container\">\n\t\t\t\t\t<h2 class=\"elementor-heading-title elementor-size-default\">\u201cFACTORES CULTURALES QUE INFLUYEN EN LA ACTITUD DEL PERSONAL DE ENFERMER\u00cdA HACIA LOS CASOS DE LA VIOLENCIA DE G\u00c9NERO EN LAS UNIDADES DE SALUD DEL SIBASI SUR , DE LA REGI\u00d3N METROPOLITANA DE SALUD DE SAN SALVADOR EN EL PERIODO DE ABRIL A DICIEMBRE 2010\u201d.<\/h2>\t\t\t\t<\/div>\n\t\t\t\t<\/div>\n\t\t\t\t<div class=\"elementor-element elementor-element-3a758aa elementor-widget elementor-widget-text-editor\" data-id=\"3a758aa\" data-element_type=\"widget\" data-widget_type=\"text-editor.default\">\n\t\t\t\t<div class=\"elementor-widget-container\">\n\t\t\t\t\t\t\t\t\t<p><b>Participantes:<\/b>\u00a0Licda. Mayra Lisseth Henr\u00edquez, Licda. Ana Beatriz Mart\u00ednez, Licda. Rosario Guadalupe Mart\u00ednez, Licda. Thelma Patricia Zuniga, Licda. Elizabeth Palma de Rivas.<\/p><p><b>Resumen:<\/b>\u00a0La violencia en general ha sido uno de los fen\u00f3menos de mayor preocupaci\u00f3n a nivel mundial , su reconocimiento como problema de salud p\u00fablica ha sido hasta hace poco tiempo ignorado a pesar de los avances que se han tenido en los diversos \u00e1mbitos privados y p\u00fablicos que trabajan para erradicarla existiendo a\u00fan mucho camino por recorrer.<\/p>\t\t\t\t\t\t\t\t<\/div>\n\t\t\t\t<\/div>\n\t\t\t\t\t<\/div>\n\t\t<\/div>\n\t\t\t\t<div class=\"elementor-column elementor-col-33 elementor-inner-column elementor-element elementor-element-46f1c86\" data-id=\"46f1c86\" data-element_type=\"column\">\n\t\t\t<div class=\"elementor-widget-wrap elementor-element-populated\">\n\t\t\t\t\t\t<div class=\"elementor-element elementor-element-3c144a8 elementor-widget elementor-widget-heading\" data-id=\"3c144a8\" data-element_type=\"widget\" data-widget_type=\"heading.default\">\n\t\t\t\t<div class=\"elementor-widget-container\">\n\t\t\t\t\t<h2 class=\"elementor-heading-title elementor-size-default\">INVESTIGACION A\u00d1O 2009<\/h2>\t\t\t\t<\/div>\n\t\t\t\t<\/div>\n\t\t<div class=\"elementor-element elementor-element-198668c e-flex e-con-boxed e-con e-parent\" data-id=\"198668c\" data-element_type=\"container\" data-settings=\"{&quot;background_background&quot;:&quot;slideshow&quot;,&quot;background_slideshow_gallery&quot;:[{&quot;id&quot;:395,&quot;url&quot;:&quot;http:\\\/\\\/itetps.edu.sv\\\/wp-content\\\/uploads\\\/2024\\\/02\\\/img300.jpg&quot;},{&quot;id&quot;:394,&quot;url&quot;:&quot;http:\\\/\\\/itetps.edu.sv\\\/wp-content\\\/uploads\\\/2024\\\/02\\\/img299.jpg&quot;}],&quot;background_slideshow_ken_burns&quot;:&quot;yes&quot;,&quot;background_slideshow_ken_burns_zoom_direction&quot;:&quot;out&quot;,&quot;background_slideshow_loop&quot;:&quot;yes&quot;,&quot;background_slideshow_slide_duration&quot;:5000,&quot;background_slideshow_slide_transition&quot;:&quot;fade&quot;,&quot;background_slideshow_transition_duration&quot;:500}\">\n\t\t\t\t\t<div class=\"e-con-inner\">\n\t\t\t\t\t<\/div>\n\t\t\t\t<\/div>\n\t\t\t\t<div class=\"elementor-element elementor-element-5a3bbef elementor-widget elementor-widget-heading\" data-id=\"5a3bbef\" data-element_type=\"widget\" data-widget_type=\"heading.default\">\n\t\t\t\t<div class=\"elementor-widget-container\">\n\t\t\t\t\t<h2 class=\"elementor-heading-title elementor-size-default\">\u201cDIAGN\u00d3STICO DEL S\u00cdNDROME DE QUEMARSE POR EL TRABAJO Y CONDICIONES LABORALES EN PERSONAL DE ENFERMERIA\u201d.<\/h2>\t\t\t\t<\/div>\n\t\t\t\t<\/div>\n\t\t\t\t<div class=\"elementor-element elementor-element-f990657 elementor-widget elementor-widget-text-editor\" data-id=\"f990657\" data-element_type=\"widget\" data-widget_type=\"text-editor.default\">\n\t\t\t\t<div class=\"elementor-widget-container\">\n\t\t\t\t\t\t\t\t\t<p><b>Participantes:<\/b>\u00a0Dra. Mar\u00eda Elizabeth Chamul, Licda. Thelma Patricia Zuniga, Lic. Dario Toniolo, Licda. Ana Beatriz Mart\u00ednez, Licda. Mayra Lisseth Henr\u00edquez, Lic. David Ernesto Pe\u00f1a.<\/p><p><b>Resumen:<\/b>\u00a0La presente investigaci\u00f3n analiza la relaci\u00f3n entre el s\u00edndrome de quemarse por el trabajo (SQT) por lo tanto la salud de la Instituci\u00f3n depende de la salud de las personas que trabajan cotidianamente en el lugar.<\/p>\t\t\t\t\t\t\t\t<\/div>\n\t\t\t\t<\/div>\n\t\t\t\t\t<\/div>\n\t\t<\/div>\n\t\t\t\t<div class=\"elementor-column elementor-col-33 elementor-inner-column elementor-element elementor-element-a8a3421\" data-id=\"a8a3421\" data-element_type=\"column\">\n\t\t\t<div class=\"elementor-widget-wrap elementor-element-populated\">\n\t\t\t\t\t\t<div class=\"elementor-element elementor-element-dd90491 elementor-widget elementor-widget-heading\" data-id=\"dd90491\" data-element_type=\"widget\" data-widget_type=\"heading.default\">\n\t\t\t\t<div class=\"elementor-widget-container\">\n\t\t\t\t\t<h2 class=\"elementor-heading-title elementor-size-default\">INVESTIGACION A\u00d1O 2008<\/h2>\t\t\t\t<\/div>\n\t\t\t\t<\/div>\n\t\t<div class=\"elementor-element elementor-element-5e049e5 e-flex e-con-boxed e-con e-parent\" data-id=\"5e049e5\" data-element_type=\"container\" data-settings=\"{&quot;background_background&quot;:&quot;slideshow&quot;,&quot;background_slideshow_gallery&quot;:[{&quot;id&quot;:393,&quot;url&quot;:&quot;http:\\\/\\\/itetps.edu.sv\\\/wp-content\\\/uploads\\\/2024\\\/02\\\/img297.jpg&quot;},{&quot;id&quot;:392,&quot;url&quot;:&quot;http:\\\/\\\/itetps.edu.sv\\\/wp-content\\\/uploads\\\/2024\\\/02\\\/img296.jpg&quot;}],&quot;background_slideshow_ken_burns&quot;:&quot;yes&quot;,&quot;background_slideshow_loop&quot;:&quot;yes&quot;,&quot;background_slideshow_slide_duration&quot;:5000,&quot;background_slideshow_slide_transition&quot;:&quot;fade&quot;,&quot;background_slideshow_transition_duration&quot;:500,&quot;background_slideshow_ken_burns_zoom_direction&quot;:&quot;in&quot;}\">\n\t\t\t\t\t<div class=\"e-con-inner\">\n\t\t\t\t\t<\/div>\n\t\t\t\t<\/div>\n\t\t\t\t<div class=\"elementor-element elementor-element-ec47c8d elementor-widget elementor-widget-heading\" data-id=\"ec47c8d\" data-element_type=\"widget\" data-widget_type=\"heading.default\">\n\t\t\t\t<div class=\"elementor-widget-container\">\n\t\t\t\t\t<h2 class=\"elementor-heading-title elementor-size-default\">\u201cCONOCIMIENTOS, ACTITUDES Y PR\u00c1CTICAS DE LA SALUD SEXUAL Y REPRODUCTIVA EN ESTUDIANTES DEL INSTITUTO TECNOL\u00d3GICO ESCUELA T\u00c9CNICA PARA LA SALUD DURANTE EL PERIODO DE ENERO A NOVIEMBRE DE 2008\u201d<\/h2>\t\t\t\t<\/div>\n\t\t\t\t<\/div>\n\t\t\t\t<div class=\"elementor-element elementor-element-40ad63e elementor-widget elementor-widget-text-editor\" data-id=\"40ad63e\" data-element_type=\"widget\" data-widget_type=\"text-editor.default\">\n\t\t\t\t<div class=\"elementor-widget-container\">\n\t\t\t\t\t\t\t\t\t<p><b>Participantes:<\/b>\u00a0Dra. Mar\u00eda Elizabeth Chamul, Licda.Thelma Patricia Zuniga, Enf. Soraida Soledad Reyes.<\/p><p><b>Resumen:<\/b>\u00a0La poblaci\u00f3n adolescente y adulta joven, en la actualidad se enfrenta a m\u00faltiples riesgos que atentan contra la salud sexual y reproductiva, dentro de esos riesgos sobresale el precoz inicio de relaciones sexuales que conlleva a una exposici\u00f3n temprana al embarazo.<\/p>\t\t\t\t\t\t\t\t<\/div>\n\t\t\t\t<\/div>\n\t\t\t\t\t<\/div>\n\t\t<\/div>\n\t\t\t\t\t<\/div>\n\t\t<\/section>\n\t\t\t\t\t<\/div>\n\t\t<\/div>\n\t\t\t\t\t<\/div>\n\t\t<\/section>\n\t\t\t\t<section class=\"elementor-section elementor-top-section elementor-element elementor-element-593b75e3 elementor-section-boxed elementor-section-height-default elementor-section-height-default\" data-id=\"593b75e3\" data-element_type=\"section\" id=\"xs_team_17\">\n\t\t\t\t\t\t<div class=\"elementor-container elementor-column-gap-default\">\n\t\t\t\t\t<div class=\"elementor-column elementor-col-100 elementor-top-column elementor-element elementor-element-6ce533c6\" data-id=\"6ce533c6\" data-element_type=\"column\">\n\t\t\t<div class=\"elementor-widget-wrap elementor-element-populated\">\n\t\t\t\t\t\t<div class=\"elementor-element elementor-element-3954d6d7 elementor-widget elementor-widget-elementskit-heading\" data-id=\"3954d6d7\" data-element_type=\"widget\" data-widget_type=\"elementskit-heading.default\">\n\t\t\t\t<div class=\"elementor-widget-container\">\n\t\t\t\t\t<div class=\"ekit-wid-con\" ><div class=\"ekit-heading elementskit-section-title-wraper center   ekit_heading_tablet-   ekit_heading_mobile-\"><h1 class=\"ekit-heading--title elementskit-section-title \">Publicaciones en Revistas Cient\u00edficas<\/h1><h4 class=\"ekit-heading--subtitle elementskit-section-subtitle  \">\n\t\t\t\t\t\tREVISTA CIENT\u00cdFICA PRESENCIA UNIVERSITARIA ASOCIACI\u00d3N NACIONAL DE RECTORES DE EL SALVADOR (CONARES)\n\t\t\t\t\t<\/h4><div class=\"ekit_heading_separetor_wraper ekit_heading_elementskit-border-divider\"><div class=\"elementskit-border-divider\"><\/div><\/div><\/div><\/div>\t\t\t\t<\/div>\n\t\t\t\t<\/div>\n\t\t\t\t<section class=\"elementor-section elementor-inner-section elementor-element elementor-element-3a007b4c elementor-section-boxed elementor-section-height-default elementor-section-height-default\" data-id=\"3a007b4c\" data-element_type=\"section\">\n\t\t\t\t\t\t<div class=\"elementor-container elementor-column-gap-default\">\n\t\t\t\t\t<div class=\"elementor-column elementor-col-33 elementor-inner-column elementor-element elementor-element-14806c14\" data-id=\"14806c14\" data-element_type=\"column\">\n\t\t\t<div class=\"elementor-widget-wrap elementor-element-populated\">\n\t\t\t\t\t\t<div class=\"elementor-element elementor-element-7eac8e27 elementor-widget elementor-widget-elementskit-team\" data-id=\"7eac8e27\" data-element_type=\"widget\" data-widget_type=\"elementskit-team.default\">\n\t\t\t\t<div class=\"elementor-widget-container\">\n\t\t\t\t\t<div class=\"ekit-wid-con\">\n\t\t\t\t\t\t\t\t\t\t\t <div class=\"small-gutters image-card-v3\"> \t\t\t\t\t\t\t\t\t\t\t\t\t<div class=\"profile-image-card elementor-animation- ekit-team-img ekit-team-style-long_height_hover text-center\">\n\n\t\t\t\t\t\t\t\t\t\t\t\t\t<img loading=\"lazy\" decoding=\"async\" width=\"574\" height=\"759\" src=\"https:\/\/itetps.edu.sv\/wp-content\/uploads\/2024\/02\/img374-1.jpg\" class=\"attachment-medium_large size-medium_large wp-image-673\" alt=\"\" srcset=\"https:\/\/itetps.edu.sv\/wp-content\/uploads\/2024\/02\/img374-1.jpg 574w, https:\/\/itetps.edu.sv\/wp-content\/uploads\/2024\/02\/img374-1-227x300.jpg 227w\" sizes=\"(max-width: 574px) 100vw, 574px\" \/>\t\t\t\t\t\t\t\t\t\t\t\t<div class=\"hover-area\">\n\t\t\t\t\t\t\t<div class=\"profile-body\">\n\t\t\t\t\t\t\t\t<h2 class=\"profile-title\">\n\t\t\t\t\t\t\t\t\t\t\t\t\t\t\t\t\tInvestigaci\u00f3n cient\u00edfica colaborativas de CONARES Compilaci\u00f3n Volumen I 2019 - 2021\t\t\t\t\t\t\t\t\t\t\t\t\t\t\t\t<\/h2>\n\t\t\t\t\t\t\t\t<p class=\"profile-designation\">Publicaci\u00f3n a\u00f1o 2019-2021<\/p>\n\t\t\t\t\t\t\t\t\t\t\t\t\t\t\t\t<p class=\"profile-content\">Ver.<\/p>\n\t\t\t\t\t\t\t\t\t\t\t\t\t\t\t<\/div>\n\t\t\t\t\t\t\t\t\t\t\t\t\t\t\t<div class=\"profile-footer\">\n\t\t\t\t\t\t\t\t\t<ul class=\"ekit-team-social-list\">\n\t\t\t<li class=\"elementor-repeater-item-b37fad5\">\n\t\t\t<a href=\"http:\/\/itetps.edu.sv\/wp-content\/uploads\/2024\/02\/CONARES-VOLUMEN-I.pdf\" target=\"_blank\" aria-label=\"PDF\">\n\t\t\t\t<svg aria-hidden=\"true\" class=\"e-font-icon-svg e-far-file-pdf\" viewBox=\"0 0 384 512\" xmlns=\"http:\/\/www.w3.org\/2000\/svg\"><path d=\"M369.9 97.9L286 14C277 5 264.8-.1 252.1-.1H48C21.5 0 0 21.5 0 48v416c0 26.5 21.5 48 48 48h288c26.5 0 48-21.5 48-48V131.9c0-12.7-5.1-25-14.1-34zM332.1 128H256V51.9l76.1 76.1zM48 464V48h160v104c0 13.3 10.7 24 24 24h104v288H48zm250.2-143.7c-12.2-12-47-8.7-64.4-6.5-17.2-10.5-28.7-25-36.8-46.3 3.9-16.1 10.1-40.6 5.4-56-4.2-26.2-37.8-23.6-42.6-5.9-4.4 16.1-.4 38.5 7 67.1-10 23.9-24.9 56-35.4 74.4-20 10.3-47 26.2-51 46.2-3.3 15.8 26 55.2 76.1-31.2 22.4-7.4 46.8-16.5 68.4-20.1 18.9 10.2 41 17 55.8 17 25.5 0 28-28.2 17.5-38.7zm-198.1 77.8c5.1-13.7 24.5-29.5 30.4-35-19 30.3-30.4 35.7-30.4 35zm81.6-190.6c7.4 0 6.7 32.1 1.8 40.8-4.4-13.9-4.3-40.8-1.8-40.8zm-24.4 136.6c9.7-16.9 18-37 24.7-54.7 8.3 15.1 18.9 27.2 30.1 35.5-20.8 4.3-38.9 13.1-54.8 19.2zm131.6-5s-5 6-37.3-7.8c35.1-2.6 40.9 5.4 37.3 7.8z\"><\/path><\/svg>\t\t\t<\/a>\n\t\t<\/li>\n\t<\/ul>\n\t\t\t\t\t\t\t\t<\/div>\n\t\t\t\t\t\t\t\t\t\t\t\t\t<\/div>\n\t\t\t\t\t<\/div>\n\t\t\t\t\t <\/div> \n\t\t\t\t\n\t\t\t\t<\/div>\t\t\t\t<\/div>\n\t\t\t\t<\/div>\n\t\t\t\t\t<\/div>\n\t\t<\/div>\n\t\t\t\t<div class=\"elementor-column elementor-col-33 elementor-inner-column elementor-element elementor-element-43bd5a26\" data-id=\"43bd5a26\" data-element_type=\"column\">\n\t\t\t<div class=\"elementor-widget-wrap elementor-element-populated\">\n\t\t\t\t\t\t<div class=\"elementor-element elementor-element-1f10eb15 elementor-widget elementor-widget-elementskit-team\" data-id=\"1f10eb15\" data-element_type=\"widget\" data-widget_type=\"elementskit-team.default\">\n\t\t\t\t<div class=\"elementor-widget-container\">\n\t\t\t\t\t<div class=\"ekit-wid-con\">\n\t\t\t\t\t\t\t\t\t\t\t <div class=\"small-gutters image-card-v3\"> \t\t\t\t\t\t\t\t\t\t\t\t\t<div class=\"profile-image-card elementor-animation- ekit-team-img ekit-team-style-long_height_hover text-center\">\n\n\t\t\t\t\t\t\t\t\t\t\t\t\t<img loading=\"lazy\" decoding=\"async\" width=\"578\" height=\"765\" src=\"https:\/\/itetps.edu.sv\/wp-content\/uploads\/2024\/02\/img375-1.jpg\" class=\"attachment-medium_large size-medium_large wp-image-674\" alt=\"\" srcset=\"https:\/\/itetps.edu.sv\/wp-content\/uploads\/2024\/02\/img375-1.jpg 578w, https:\/\/itetps.edu.sv\/wp-content\/uploads\/2024\/02\/img375-1-227x300.jpg 227w\" sizes=\"(max-width: 578px) 100vw, 578px\" \/>\t\t\t\t\t\t\t\t\t\t\t\t<div class=\"hover-area\">\n\t\t\t\t\t\t\t<div class=\"profile-body\">\n\t\t\t\t\t\t\t\t<h2 class=\"profile-title\">\n\t\t\t\t\t\t\t\t\t\t\t\t\t\t\t\t\tInvestigaci\u00f3n cient\u00edfica colaborativas de CONARES Compilaci\u00f3n Volumen II 2019 - 2021\t\t\t\t\t\t\t\t\t\t\t\t\t\t\t\t<\/h2>\n\t\t\t\t\t\t\t\t<p class=\"profile-designation\">Publicaci\u00f3n a\u00f1o 2019-2021<\/p>\n\t\t\t\t\t\t\t\t\t\t\t\t\t\t\t\t<p class=\"profile-content\">Ver.<\/p>\n\t\t\t\t\t\t\t\t\t\t\t\t\t\t\t<\/div>\n\t\t\t\t\t\t\t\t\t\t\t\t\t\t\t<div class=\"profile-footer\">\n\t\t\t\t\t\t\t\t\t<ul class=\"ekit-team-social-list\">\n\t\t\t<li class=\"elementor-repeater-item-b37fad5\">\n\t\t\t<a href=\"http:\/\/itetps.edu.sv\/wp-content\/uploads\/2024\/02\/CONARES-VOLUMEN-II.pdf\" target=\"_blank\" aria-label=\"PDF\">\n\t\t\t\t<svg aria-hidden=\"true\" class=\"e-font-icon-svg e-far-file-pdf\" viewBox=\"0 0 384 512\" xmlns=\"http:\/\/www.w3.org\/2000\/svg\"><path d=\"M369.9 97.9L286 14C277 5 264.8-.1 252.1-.1H48C21.5 0 0 21.5 0 48v416c0 26.5 21.5 48 48 48h288c26.5 0 48-21.5 48-48V131.9c0-12.7-5.1-25-14.1-34zM332.1 128H256V51.9l76.1 76.1zM48 464V48h160v104c0 13.3 10.7 24 24 24h104v288H48zm250.2-143.7c-12.2-12-47-8.7-64.4-6.5-17.2-10.5-28.7-25-36.8-46.3 3.9-16.1 10.1-40.6 5.4-56-4.2-26.2-37.8-23.6-42.6-5.9-4.4 16.1-.4 38.5 7 67.1-10 23.9-24.9 56-35.4 74.4-20 10.3-47 26.2-51 46.2-3.3 15.8 26 55.2 76.1-31.2 22.4-7.4 46.8-16.5 68.4-20.1 18.9 10.2 41 17 55.8 17 25.5 0 28-28.2 17.5-38.7zm-198.1 77.8c5.1-13.7 24.5-29.5 30.4-35-19 30.3-30.4 35.7-30.4 35zm81.6-190.6c7.4 0 6.7 32.1 1.8 40.8-4.4-13.9-4.3-40.8-1.8-40.8zm-24.4 136.6c9.7-16.9 18-37 24.7-54.7 8.3 15.1 18.9 27.2 30.1 35.5-20.8 4.3-38.9 13.1-54.8 19.2zm131.6-5s-5 6-37.3-7.8c35.1-2.6 40.9 5.4 37.3 7.8z\"><\/path><\/svg>\t\t\t<\/a>\n\t\t<\/li>\n\t<\/ul>\n\t\t\t\t\t\t\t\t<\/div>\n\t\t\t\t\t\t\t\t\t\t\t\t\t<\/div>\n\t\t\t\t\t<\/div>\n\t\t\t\t\t <\/div> \n\t\t\t\t\n\t\t\t\t<\/div>\t\t\t\t<\/div>\n\t\t\t\t<\/div>\n\t\t\t\t\t<\/div>\n\t\t<\/div>\n\t\t\t\t<div class=\"elementor-column elementor-col-33 elementor-inner-column elementor-element elementor-element-754be8a4\" data-id=\"754be8a4\" data-element_type=\"column\">\n\t\t\t<div class=\"elementor-widget-wrap elementor-element-populated\">\n\t\t\t\t\t\t<div class=\"elementor-element elementor-element-67dee7b5 elementor-absolute elementor-widget elementor-widget-elementskit-team\" data-id=\"67dee7b5\" data-element_type=\"widget\" data-settings=\"{&quot;_position&quot;:&quot;absolute&quot;}\" data-widget_type=\"elementskit-team.default\">\n\t\t\t\t<div class=\"elementor-widget-container\">\n\t\t\t\t\t<div class=\"ekit-wid-con\">\n\t\t\t\t\t\t\t\t\t\t\t <div class=\"small-gutters image-card-v3\"> \t\t\t\t\t\t\t\t\t\t\t\t\t<div class=\"profile-image-card elementor-animation- ekit-team-img ekit-team-style-long_height_hover text-center\">\n\n\t\t\t\t\t\t\t\t\t\t\t\t\t<img loading=\"lazy\" decoding=\"async\" width=\"584\" height=\"438\" src=\"https:\/\/itetps.edu.sv\/wp-content\/uploads\/2024\/02\/img346-1.jpg\" class=\"attachment-2048x2048 size-2048x2048 wp-image-701\" alt=\"\" srcset=\"https:\/\/itetps.edu.sv\/wp-content\/uploads\/2024\/02\/img346-1.jpg 584w, https:\/\/itetps.edu.sv\/wp-content\/uploads\/2024\/02\/img346-1-300x225.jpg 300w\" sizes=\"(max-width: 584px) 100vw, 584px\" \/>\t\t\t\t\t\t\t\t\t\t\t\t<div class=\"hover-area\">\n\t\t\t\t\t\t\t<div class=\"profile-body\">\n\t\t\t\t\t\t\t\t<h2 class=\"profile-title\">\n\t\t\t\t\t\t\t\t\t\t\t\t\t\t\t\t\t<a aria-label=\"profile\" href=\"javascript:void(0)\" data-mfp-src=\"#ekit_team_modal_67dee7b5_16\" class=\"ekit-team-popup\">\n\t\t\t\t\t\t\t\t\tPublicaci\u00f3n a\u00f1o 2019\t\t\t\t\t\t\t\t\t<\/a>\n\t\t\t\t\t\t\t\t\t\t\t\t\t\t\t\t\t<\/h2>\n\t\t\t\t\t\t\t\t<p class=\"profile-designation\"><\/p>\n\t\t\t\t\t\t\t\t\t\t\t\t\t\t\t<\/div>\n\t\t\t\t\t\t\t\t\t\t\t\t\t<\/div>\n\t\t\t\t\t<\/div>\n\t\t\t\t\t <\/div> \n\t\t\t\t\n\t\t\t\t\t<div class=\"zoom-anim-dialog mfp-hide elementskit-team-popup team-popup-id-67dee7b5\" id=\"ekit_team_modal_67dee7b5_16\" tabindex=\"-1\" role=\"dialog\" aria-hidden=\"true\">\n\t\t\t\t<div class=\"modal-dialog modal-dialog-centered\" role=\"document\">\n\t\t\t\t\t<div class=\"modal-content\">\n\t\t\t\t\t\t<button type=\"button\" class=\"ekit-team-modal-close\">\n\t\t\t\t\t\t\t\t\t\t\t\t\t<\/button>\n\n\t\t\t\t\t\t<div class=\"modal-body\">\n\t\t\t\t\t\t\t\t\t\t\t\t\t\t\t<div class=\"ekit-team-modal-img\">\n\t\t\t\t\t\t\t\t\t<img loading=\"lazy\" decoding=\"async\" width=\"584\" height=\"438\" src=\"https:\/\/itetps.edu.sv\/wp-content\/uploads\/2024\/02\/img346-1.jpg\" class=\"attachment-2048x2048 size-2048x2048 wp-image-701\" alt=\"\" srcset=\"https:\/\/itetps.edu.sv\/wp-content\/uploads\/2024\/02\/img346-1.jpg 584w, https:\/\/itetps.edu.sv\/wp-content\/uploads\/2024\/02\/img346-1-300x225.jpg 300w\" sizes=\"(max-width: 584px) 100vw, 584px\" \/>\t\t\t\t\t\t\t\t<\/div>\n\t\t\t\t\t\t\t\n\t\t\t\t\t\t\t<div class=\"ekit-team-modal-info has-img\">\n\t\t\t\t\t\t\t\t<h2 class=\"ekit-team-modal-title\">Publicaci\u00f3n a\u00f1o 2019<\/h2>\n\t\t\t\t\t\t\t\t<p class=\"ekit-team-modal-position\"><\/p>\n\t\t\t\t\t\t\t\t\n\t\t\t\t\t\t\t\t<div class=\"ekit-team-modal-content\">\n\t\t\t\t\t\t\t\t\t\u201cFACTORES CULTURALES Y SU RELACION CON LA PREVALENCIA DE SOBRE PESO Y OBESIDAD EN ESTUDIANTES DE ENTRE SIETE Y DIEZ A\u00d1OS DEL CENTRO ESCOLAR GENERAL RAMON BELLOSO Y COMPLEJO CATOLICO SAN FRANCISCO, SAN SALVADOR\u201d. VOLUMEN 5 (PROXIMAMENTE).\n\u201cPATRONES CULTURALES QUE INFLUYEN EN LAS PR\u00c1CTICAS DE RECICLAJE DE LOS RESIDUOS S\u00d3LIDOS POR LOS ESTUDIANTES DE T\u00c9CNICO I Y TECN\u00d3LOGO I DEL INSTITUTO TECNOL\u00d3GICO ESCUELA T\u00c9CNICA PARA LA SALUD EN EL CICLO I-2019\u201d. VOLUMEN 5 (PROXIMAMENTE).\t\t\t\t\t\t\t\t<\/div>\n\n\t\t\t\t\t\t\t\t\t\t\t\t\t\t\t\t\n\t\t\t\t\t\t\t\t\t\t\t\t\t\t\t<\/div>\n\t\t\t\t\t\t<\/div>\n\t\t\t\t\t<\/div>\n\t\t\t\t<\/div>\n\t\t\t<\/div>\n\t\t\t\t<\/div>\t\t\t\t<\/div>\n\t\t\t\t<\/div>\n\t\t\t\t\t<\/div>\n\t\t<\/div>\n\t\t\t\t\t<\/div>\n\t\t<\/section>\n\t\t\t\t\t<\/div>\n\t\t<\/div>\n\t\t\t\t\t<\/div>\n\t\t<\/section>\n\t\t\t\t<\/div>\n\t\t","protected":false},"excerpt":{"rendered":"<p>ITETPS UNIDAD DE INVESTIGACI\u00d3N Relevancia de la Producci\u00f3n Cient\u00edfica del ITETPS. PRIMER LUGAR en la &#8220;Semana de la Ciencia y [&hellip;]<\/p>\n","protected":false},"author":2,"featured_media":0,"parent":0,"menu_order":0,"comment_status":"closed","ping_status":"closed","template":"","meta":{"site-sidebar-layout":"no-sidebar","site-content-layout":"","ast-site-content-layout":"full-width-container","site-content-style":"default","site-sidebar-style":"default","ast-global-header-display":"","ast-banner-title-visibility":"","ast-main-header-display":"","ast-hfb-above-header-display":"","ast-hfb-below-header-display":"","ast-hfb-mobile-header-display":"","site-post-title":"disabled","ast-breadcrumbs-content":"","ast-featured-img":"disabled","footer-sml-layout":"","theme-transparent-header-meta":"","adv-header-id-meta":"","stick-header-meta":"","header-above-stick-meta":"","header-main-stick-meta":"","header-below-stick-meta":"","astra-migrate-meta-layouts":"default","ast-page-background-enabled":"default","ast-page-background-meta":{"desktop":{"background-color":"var(--ast-global-color-4)","background-image":"","background-repeat":"repeat","background-position":"center center","background-size":"auto","background-attachment":"scroll","background-type":"","background-media":"","overlay-type":"","overlay-color":"","overlay-opacity":"","overlay-gradient":""},"tablet":{"background-color":"","background-image":"","background-repeat":"repeat","background-position":"center center","background-size":"auto","background-attachment":"scroll","background-type":"","background-media":"","overlay-type":"","overlay-color":"","overlay-opacity":"","overlay-gradient":""},"mobile":{"background-color":"","background-image":"","background-repeat":"repeat","background-position":"center center","background-size":"auto","background-attachment":"scroll","background-type":"","background-media":"","overlay-type":"","overlay-color":"","overlay-opacity":"","overlay-gradient":""}},"ast-content-background-meta":{"desktop":{"background-color":"var(--ast-global-color-5)","background-image":"","background-repeat":"repeat","background-position":"center center","background-size":"auto","background-attachment":"scroll","background-type":"","background-media":"","overlay-type":"","overlay-color":"","overlay-opacity":"","overlay-gradient":""},"tablet":{"background-color":"var(--ast-global-color-5)","background-image":"","background-repeat":"repeat","background-position":"center center","background-size":"auto","background-attachment":"scroll","background-type":"","background-media":"","overlay-type":"","overlay-color":"","overlay-opacity":"","overlay-gradient":""},"mobile":{"background-color":"var(--ast-global-color-5)","background-image":"","background-repeat":"repeat","background-position":"center center","background-size":"auto","background-attachment":"scroll","background-type":"","background-media":"","overlay-type":"","overlay-color":"","overlay-opacity":"","overlay-gradient":""}},"footnotes":""},"class_list":["post-16","page","type-page","status-publish","hentry"],"_links":{"self":[{"href":"https:\/\/itetps.edu.sv\/index.php?rest_route=\/wp\/v2\/pages\/16","targetHints":{"allow":["GET"]}}],"collection":[{"href":"https:\/\/itetps.edu.sv\/index.php?rest_route=\/wp\/v2\/pages"}],"about":[{"href":"https:\/\/itetps.edu.sv\/index.php?rest_route=\/wp\/v2\/types\/page"}],"author":[{"embeddable":true,"href":"https:\/\/itetps.edu.sv\/index.php?rest_route=\/wp\/v2\/users\/2"}],"replies":[{"embeddable":true,"href":"https:\/\/itetps.edu.sv\/index.php?rest_route=%2Fwp%2Fv2%2Fcomments&post=16"}],"version-history":[{"count":175,"href":"https:\/\/itetps.edu.sv\/index.php?rest_route=\/wp\/v2\/pages\/16\/revisions"}],"predecessor-version":[{"id":1598,"href":"https:\/\/itetps.edu.sv\/index.php?rest_route=\/wp\/v2\/pages\/16\/revisions\/1598"}],"wp:attachment":[{"href":"https:\/\/itetps.edu.sv\/index.php?rest_route=%2Fwp%2Fv2%2Fmedia&parent=16"}],"curies":[{"name":"wp","href":"https:\/\/api.w.org\/{rel}","templated":true}]}}